{"id":597,"date":"2021-03-15T14:16:14","date_gmt":"2021-03-15T18:16:14","guid":{"rendered":"https:\/\/climatetoolkit.org\/?page_id=597"},"modified":"2026-02-27T13:57:10","modified_gmt":"2026-02-27T18:57:10","slug":"webinars","status":"publish","type":"page","link":"https:\/\/climatetoolkit.org\/fr\/webinars\/","title":{"rendered":"Webinaires"},"content":{"rendered":"<div class=\"wp-block-image\">\n<figure class=\"aligncenter size-large is-resized\"><img decoding=\"async\" width=\"1024\" height=\"512\" src=\"https:\/\/climatetoolkit.org\/wp-content\/uploads\/2021\/03\/7565ebde-eaad-4578-8fb8-744ea9e078a5-1024x512.jpg\" alt=\"\" class=\"wp-image-618\" style=\"width:768px\" srcset=\"https:\/\/climatetoolkit.org\/wp-content\/uploads\/2021\/03\/7565ebde-eaad-4578-8fb8-744ea9e078a5-1024x512.jpg 1024w, https:\/\/climatetoolkit.org\/wp-content\/uploads\/2021\/03\/7565ebde-eaad-4578-8fb8-744ea9e078a5-300x150.jpg 300w, https:\/\/climatetoolkit.org\/wp-content\/uploads\/2021\/03\/7565ebde-eaad-4578-8fb8-744ea9e078a5-768x384.jpg 768w, https:\/\/climatetoolkit.org\/wp-content\/uploads\/2021\/03\/7565ebde-eaad-4578-8fb8-744ea9e078a5-100x50.jpg 100w, https:\/\/climatetoolkit.org\/wp-content\/uploads\/2021\/03\/7565ebde-eaad-4578-8fb8-744ea9e078a5-150x75.jpg 150w, https:\/\/climatetoolkit.org\/wp-content\/uploads\/2021\/03\/7565ebde-eaad-4578-8fb8-744ea9e078a5-200x100.jpg 200w, https:\/\/climatetoolkit.org\/wp-content\/uploads\/2021\/03\/7565ebde-eaad-4578-8fb8-744ea9e078a5-450x225.jpg 450w, https:\/\/climatetoolkit.org\/wp-content\/uploads\/2021\/03\/7565ebde-eaad-4578-8fb8-744ea9e078a5-600x300.jpg 600w, https:\/\/climatetoolkit.org\/wp-content\/uploads\/2021\/03\/7565ebde-eaad-4578-8fb8-744ea9e078a5-900x450.jpg 900w, https:\/\/climatetoolkit.org\/wp-content\/uploads\/2021\/03\/7565ebde-eaad-4578-8fb8-744ea9e078a5.jpg 1494w\" sizes=\"(max-width: 1024px) 100vw, 1024px\" \/><\/figure>\n<\/div>\n\n\n<p>Le Climate Toolkit propose des webinaires trimestriels gratuits afin de poursuivre la conversation sur les diff\u00e9rents objectifs du Toolkit et sur la mani\u00e8re de les atteindre. La s\u00e9rie de webinaires vise \u00e0 rassembler les dirigeants et le personnel des organisations pour pr\u00e9senter et discuter des mesures importantes que nous pouvons tous prendre pour lutter contre le changement climatique par le biais de nos programmes et de nos politiques. Les webinaires et ateliers pr\u00e9c\u00e9dents peuvent \u00eatre consult\u00e9s ci-dessous.<\/p>\n\n\n\n<hr class=\"wp-block-separator has-alpha-channel-opacity\"\/>\n\n\n\n<h2 class=\"wp-block-heading\">Webinar 18: Climate Research and Outreach<\/h2>\n\n\n\n<figure class=\"wp-block-image size-large is-resized\"><a href=\"https:\/\/us02web.zoom.us\/meeting\/register\/pKyCTDgWTTyD9k4yBAtZTw\"><img decoding=\"async\" width=\"1024\" height=\"528\" src=\"https:\/\/climatetoolkit.org\/wp-content\/uploads\/2026\/01\/climate-research-1024x528.png\" alt=\"\" class=\"wp-image-5495\" style=\"width:703px;height:auto\" srcset=\"https:\/\/climatetoolkit.org\/wp-content\/uploads\/2026\/01\/climate-research-1024x528.png 1024w, https:\/\/climatetoolkit.org\/wp-content\/uploads\/2026\/01\/climate-research-300x155.png 300w, https:\/\/climatetoolkit.org\/wp-content\/uploads\/2026\/01\/climate-research-768x396.png 768w, https:\/\/climatetoolkit.org\/wp-content\/uploads\/2026\/01\/climate-research-18x9.png 18w, https:\/\/climatetoolkit.org\/wp-content\/uploads\/2026\/01\/climate-research-100x52.png 100w, https:\/\/climatetoolkit.org\/wp-content\/uploads\/2026\/01\/climate-research-150x77.png 150w, https:\/\/climatetoolkit.org\/wp-content\/uploads\/2026\/01\/climate-research-200x103.png 200w, https:\/\/climatetoolkit.org\/wp-content\/uploads\/2026\/01\/climate-research-450x232.png 450w, https:\/\/climatetoolkit.org\/wp-content\/uploads\/2026\/01\/climate-research-600x310.png 600w, https:\/\/climatetoolkit.org\/wp-content\/uploads\/2026\/01\/climate-research-900x464.png 900w, https:\/\/climatetoolkit.org\/wp-content\/uploads\/2026\/01\/climate-research.png 1469w\" sizes=\"(max-width: 1024px) 100vw, 1024px\" \/><\/a><\/figure>\n\n\n\n<p><em>Wednesday, Feb. 25, 2026<\/em><\/p>\n\n\n\n<p>Our understanding of the climate crisis is dynamic. As cultural institutions, it&#8217;s imperative to be working alongside the latest climate research to enhance public understanding and amplify the most effective solutions \u2013 now and as the climate continues to change.<\/p>\n\n\n\n<p>Co-presented with the <strong>Organisation des stations biologiques de terrain<\/strong> (OBFS), this webinar on Climate Research and Outreach highlights cross-institutional collaborations between higher education, cultural organizations, and research field stations. We hear from <strong>For\u00eats et jardins de Holden<\/strong>, <strong>Hiram College<\/strong>et le <strong>University of Akron Field<\/strong> <strong>Station<\/strong> on forming regional partnerships and engaging the public with the latest climate change research.<\/p>\n\n\n\n<p>Learn about the ways we can amplify each other&#8217;s work, partner together, and collaborate on initiatives to better support effective science communication and impactful climate action.\u00a0<\/p>\n\n\n\n<figure class=\"wp-block-embed is-type-video is-provider-youtube wp-block-embed-youtube wp-embed-aspect-4-3 wp-has-aspect-ratio\"><div class=\"wp-block-embed__wrapper\">\n<iframe title=\"Climate Toolkit Webinar 18: Climate Research and Outreach\" width=\"605\" height=\"454\" src=\"https:\/\/www.youtube.com\/embed\/JMB8-YF_6h4?feature=oembed\" frameborder=\"0\" allow=\"accelerometer; autoplay; clipboard-write; encrypted-media; gyroscope; picture-in-picture; web-share\" referrerpolicy=\"strict-origin-when-cross-origin\" allowfullscreen><\/iframe>\n<\/div><\/figure>\n\n\n\n<div class=\"wp-block-advgb-button alignnone\"><a class=\"wp-block-advgb-button_link advgbbtn-9e522d9c-affd-4a32-b7bc-438a82a2d7bf\" href=\"https:\/\/youtu.be\/JMB8-YF_6h4\" target=\"_blank\" rel=\"noopener noreferrer\"><span><strong>Voir sur YouTube<\/strong><\/span><\/a><\/div>\n\n\n\n<hr class=\"wp-block-separator has-alpha-channel-opacity\"\/>\n\n\n\n<h2 class=\"wp-block-heading\" id=\"webinar-17-community-solar-initiatives-with-cincinnati-zoo-botanical-garden-fc82a70e-209b-48e9-9292-7ded54544dad\">Webinar 17: Community Solar Initiatives<\/h2>\n\n\n\n<figure class=\"wp-block-image size-large is-resized\"><img decoding=\"async\" width=\"1024\" height=\"576\" src=\"https:\/\/climatetoolkit.org\/wp-content\/uploads\/2025\/09\/Cincy-Zoo-1024x576.jpg\" alt=\"\" class=\"wp-image-4815\" style=\"width:700px;height:auto\" srcset=\"https:\/\/climatetoolkit.org\/wp-content\/uploads\/2025\/09\/Cincy-Zoo-1024x576.jpg 1024w, https:\/\/climatetoolkit.org\/wp-content\/uploads\/2025\/09\/Cincy-Zoo-300x169.jpg 300w, https:\/\/climatetoolkit.org\/wp-content\/uploads\/2025\/09\/Cincy-Zoo-768x432.jpg 768w, https:\/\/climatetoolkit.org\/wp-content\/uploads\/2025\/09\/Cincy-Zoo-1536x864.jpg 1536w, https:\/\/climatetoolkit.org\/wp-content\/uploads\/2025\/09\/Cincy-Zoo-18x10.jpg 18w, https:\/\/climatetoolkit.org\/wp-content\/uploads\/2025\/09\/Cincy-Zoo-100x56.jpg 100w, https:\/\/climatetoolkit.org\/wp-content\/uploads\/2025\/09\/Cincy-Zoo-150x84.jpg 150w, https:\/\/climatetoolkit.org\/wp-content\/uploads\/2025\/09\/Cincy-Zoo-200x113.jpg 200w, https:\/\/climatetoolkit.org\/wp-content\/uploads\/2025\/09\/Cincy-Zoo-450x253.jpg 450w, https:\/\/climatetoolkit.org\/wp-content\/uploads\/2025\/09\/Cincy-Zoo-600x338.jpg 600w, https:\/\/climatetoolkit.org\/wp-content\/uploads\/2025\/09\/Cincy-Zoo-900x506.jpg 900w, https:\/\/climatetoolkit.org\/wp-content\/uploads\/2025\/09\/Cincy-Zoo.jpg 1600w\" sizes=\"(max-width: 1024px) 100vw, 1024px\" \/><\/figure>\n\n\n\n<p><em>Oct 1, 2025<\/em><\/p>\n\n\n\n<p><strong>Cincinnati Zoo &amp; Botanical Garden<\/strong>&nbsp;has made incredible achievements in climate-conscious operations thanks to its embrace of renewable energy, water reclamation, organic composting, waste recycling, sustainable construction, and responsible sourcing. Yet the Zoo\u2019s green initiatives also extend well beyond the confines of their campus.<\/p>\n\n\n\n<p>Fort de ses 15 ann\u00e9es d'exp\u00e9rience en mati\u00e8re d'installations solaires et de la r\u00e9alisation d'objectifs ambitieux en mati\u00e8re d'\u00e9nergie nette z\u00e9ro, le zoo s'est engag\u00e9 \u00e0 partager les succ\u00e8s et les avantages de l'\u00e9nergie renouvelable avec ses voisins et a mis au point le programme de formation \u00e0 l'\u00e9nergie solaire. <strong>Programme de r\u00e9silience solaire communautaire<\/strong> (CSRP) afin d'accro\u00eetre la r\u00e9silience \u00e9nerg\u00e9tique, climatique et financi\u00e8re des organisations communautaires dans les quartiers d\u00e9favoris\u00e9s de l'agglom\u00e9ration de Cincinnati.<\/p>\n\n\n\n<p>D\u00e9couvrez le partenariat solaire communautaire unique et innovant du zoo, qui a aid\u00e9 des \u00e9coles primaires publiques, des \u00e9glises et des projets de logement \u00e0 atteindre la r\u00e9silience \u00e9nerg\u00e9tique et climatique.<\/p>\n\n\n\n<figure class=\"wp-block-embed is-type-video is-provider-youtube wp-block-embed-youtube wp-embed-aspect-4-3 wp-has-aspect-ratio\"><div class=\"wp-block-embed__wrapper\">\n<iframe title=\"Climate Toolkit Webinar 17 : Le solaire communautaire avec le zoo de Cincinnati\" width=\"605\" height=\"454\" src=\"https:\/\/www.youtube.com\/embed\/IelMPB-2mCk?feature=oembed\" frameborder=\"0\" allow=\"accelerometer; autoplay; clipboard-write; encrypted-media; gyroscope; picture-in-picture; web-share\" referrerpolicy=\"strict-origin-when-cross-origin\" allowfullscreen><\/iframe>\n<\/div><\/figure>\n\n\n\n<div class=\"wp-block-advgb-button alignnone\"><a class=\"wp-block-advgb-button_link advgbbtn-d1994c0f-f6fd-4338-b989-ed310ee181e4\" href=\"https:\/\/youtu.be\/IelMPB-2mCk\" target=\"_blank\" rel=\"noopener noreferrer\"><span><strong>Voir sur YouTube<\/strong><\/span><\/a><\/div>\n\n\n\n<p>Ressources compl\u00e9mentaires :<\/p>\n\n\n\n<ul class=\"wp-block-list\">\n<li><a href=\"https:\/\/czbg.sharepoint.com\/:w:\/t\/Sustainability1\/EdIHFScGMDxJu6tqEUg1FP8BFjT5WngqePaGzIE-aG13rQ?e=gH6bIK\">\u00c9tude de cas technique sur l'\u00e9nergie solaire au zoo et au jardin botanique de Cincinnati<\/a><\/li>\n\n\n\n<li><a href=\"https:\/\/cincinnatizoo.org\/wp-content\/uploads\/2024\/08\/SOLAR-STORYBOOK-Published.pdf\">Le livre d'histoire solaire de CZBG<\/a><\/li>\n<\/ul>\n\n\n\n<hr class=\"wp-block-separator has-alpha-channel-opacity\"\/>\n\n\n\n<h2 class=\"wp-block-heading\" id=\"tools-of-transformation-6-regenerative-museums-principles-cases-and-socialecological-futures-5f8df8c2-c76d-40e0-bf50-780aac7f6afb\">Outils de transformation 6 : Mus\u00e9es r\u00e9g\u00e9n\u00e9ratifs - Principes, cas et avenirs socio-\u00e9cologiques<\/h2>\n\n\n\n<figure class=\"wp-block-image size-large is-resized\"><a href=\"https:\/\/us02web.zoom.us\/meeting\/register\/rEsjPv1HQKafXMBWBRXAyw\"><img decoding=\"async\" width=\"1024\" height=\"512\" src=\"https:\/\/climatetoolkit.org\/wp-content\/uploads\/2024\/09\/image-1024x512.png\" alt=\"\" class=\"wp-image-3804\" style=\"width:740px;height:auto\" srcset=\"https:\/\/climatetoolkit.org\/wp-content\/uploads\/2024\/09\/image-1024x512.png 1024w, https:\/\/climatetoolkit.org\/wp-content\/uploads\/2024\/09\/image-450x225.png 450w, https:\/\/climatetoolkit.org\/wp-content\/uploads\/2024\/09\/image-300x150.png 300w, https:\/\/climatetoolkit.org\/wp-content\/uploads\/2024\/09\/image-768x384.png 768w, https:\/\/climatetoolkit.org\/wp-content\/uploads\/2024\/09\/image-18x9.png 18w, https:\/\/climatetoolkit.org\/wp-content\/uploads\/2024\/09\/image-100x50.png 100w, https:\/\/climatetoolkit.org\/wp-content\/uploads\/2024\/09\/image-150x75.png 150w, https:\/\/climatetoolkit.org\/wp-content\/uploads\/2024\/09\/image-200x100.png 200w, https:\/\/climatetoolkit.org\/wp-content\/uploads\/2024\/09\/image-600x300.png 600w, https:\/\/climatetoolkit.org\/wp-content\/uploads\/2024\/09\/image-900x450.png 900w, https:\/\/climatetoolkit.org\/wp-content\/uploads\/2024\/09\/image-400x200.png 400w, https:\/\/climatetoolkit.org\/wp-content\/uploads\/2024\/09\/image.png 1494w\" sizes=\"(max-width: 1024px) 100vw, 1024px\" \/><\/a><\/figure>\n\n\n\n<p><em>20 ao\u00fbt 2025<\/em><\/p>\n\n\n\n<p>Comment les mus\u00e9es peuvent-ils reconnecter les gens avec la nature et inspirer les g\u00e9n\u00e9rations futures \u00e0 r\u00e9pondre \u00e0 la d\u00e9gradation sociale et environnementale ? Dans ce webinaire, l'orateur invit\u00e9&nbsp;<strong>Lucimara Letelier<\/strong>&nbsp;explique comment les mus\u00e9es peuvent devenir des agents actifs de la r\u00e9g\u00e9n\u00e9ration, en favorisant la prise de conscience, la r\u00e9silience et la transformation au sein des communaut\u00e9s et des \u00e9cosyst\u00e8mes. Sur la base de ses recherches men\u00e9es au Royaume-Uni, elle a conceptualis\u00e9 l'id\u00e9e des \"mus\u00e9es r\u00e9g\u00e9n\u00e9ratifs\". Dans cet expos\u00e9, Lucimara pr\u00e9sente les principes directeurs des pratiques r\u00e9g\u00e9n\u00e9ratives dans les mus\u00e9es et partage des \u00e9tudes de cas convaincantes de diverses organisations, dont certaines du Br\u00e9sil et d'autres parties du monde, illustrant leur application.<\/p>\n\n\n\n<figure class=\"wp-block-embed is-type-video is-provider-youtube wp-block-embed-youtube wp-embed-aspect-16-9 wp-has-aspect-ratio\"><div class=\"wp-block-embed__wrapper\">\n<iframe title=\"Climate Toolkit Presents &quot;Tools of Transformation 6: Regenerative Museums&quot;\" width=\"605\" height=\"340\" src=\"https:\/\/www.youtube.com\/embed\/pvE-cyUzq9o?feature=oembed\" frameborder=\"0\" allow=\"accelerometer; autoplay; clipboard-write; encrypted-media; gyroscope; picture-in-picture; web-share\" referrerpolicy=\"strict-origin-when-cross-origin\" allowfullscreen><\/iframe>\n<\/div><\/figure>\n\n\n\n<figure class=\"wp-block-image size-full is-resized\"><img decoding=\"async\" width=\"992\" height=\"389\" src=\"https:\/\/climatetoolkit.org\/wp-content\/uploads\/2025\/08\/image-9.png\" alt=\"\" class=\"wp-image-4671\" style=\"width:650px;height:auto\" srcset=\"https:\/\/climatetoolkit.org\/wp-content\/uploads\/2025\/08\/image-9.png 992w, https:\/\/climatetoolkit.org\/wp-content\/uploads\/2025\/08\/image-9-300x118.png 300w, https:\/\/climatetoolkit.org\/wp-content\/uploads\/2025\/08\/image-9-768x301.png 768w, https:\/\/climatetoolkit.org\/wp-content\/uploads\/2025\/08\/image-9-18x7.png 18w, https:\/\/climatetoolkit.org\/wp-content\/uploads\/2025\/08\/image-9-100x39.png 100w, https:\/\/climatetoolkit.org\/wp-content\/uploads\/2025\/08\/image-9-150x59.png 150w, https:\/\/climatetoolkit.org\/wp-content\/uploads\/2025\/08\/image-9-200x78.png 200w, https:\/\/climatetoolkit.org\/wp-content\/uploads\/2025\/08\/image-9-450x176.png 450w, https:\/\/climatetoolkit.org\/wp-content\/uploads\/2025\/08\/image-9-600x235.png 600w, https:\/\/climatetoolkit.org\/wp-content\/uploads\/2025\/08\/image-9-900x353.png 900w\" sizes=\"(max-width: 992px) 100vw, 992px\" \/><\/figure>\n\n\n\n<p>Lucimara Letelier est la fondatrice et directrice de RegeneraMuseu, une organisation qui encourage les pratiques r\u00e9g\u00e9n\u00e9ratives et durables au sein des mus\u00e9es et de la culture afin de promouvoir l'adaptation, l'att\u00e9nuation et la r\u00e9silience climatiques au Br\u00e9sil et dans le monde. Vice-pr\u00e9sidente de l'ICOM Sustain, conceptrice en d\u00e9veloppement durable (Gaia Education\/partenaire de l'UNESCO), form\u00e9e par la Fondation Al Gore, l'Institut de l'\u00e9conomie r\u00e9g\u00e9n\u00e9rative et du d\u00e9veloppement r\u00e9g\u00e9n\u00e9ratif. Elle a \u00e9t\u00e9 chercheuse \"Creative Green\" \u00e0 Julie's Bicycle, travaillant dans le domaine du conseil et de la formation en leadership climatique pour les arts et la culture, et Ki Culture Coach. 25 ans d'exp\u00e9rience dans des organisations artistiques et culturelles au Br\u00e9sil, aux \u00c9tats-Unis et au Royaume-Uni, notamment au Mus\u00e9e d'art moderne (directrice adjointe), au British Council (directrice adjointe des arts), \u00e0 ActionAid (responsable de la collecte de fonds), au Mus\u00e9e des enfants de Boston et au Mus\u00e9e Guggenheim. Ma\u00eetrise en \u00e9tudes mus\u00e9ales - sp\u00e9cialisation en mus\u00e9es verts (universit\u00e9 de Leicester, Royaume-Uni) et en administration des arts (universit\u00e9 de Boston, \u00c9tats-Unis).<\/p>\n\n\n\n<div class=\"wp-block-advgb-button alignnone\"><a class=\"wp-block-advgb-button_link advgbbtn-fb44d235-bf45-41ae-a883-7361bf971212\" href=\"https:\/\/youtu.be\/pvE-cyUzq9o\" target=\"_blank\" rel=\"noopener noreferrer\"><span><strong>Voir sur YouTube<\/strong><\/span><\/a><\/div>\n\n\n\n<hr class=\"wp-block-separator has-alpha-channel-opacity\"\/>\n\n\n\n<h2 class=\"wp-block-heading\" id=\"webinar-16-every-museum-is-a-climate-museum-2de57aef-10e6-409c-8885-e59f44c9c020\">Webinaire 16 : Chaque mus\u00e9e est un mus\u00e9e du climat<\/h2>\n\n\n\n<figure class=\"wp-block-image size-large is-resized\"><img decoding=\"async\" width=\"1024\" height=\"518\" src=\"https:\/\/climatetoolkit.org\/wp-content\/uploads\/2025\/07\/anchor-1024x518.jpg\" alt=\"\" class=\"wp-image-4556\" style=\"width:717px;height:auto\" srcset=\"https:\/\/climatetoolkit.org\/wp-content\/uploads\/2025\/07\/anchor-1024x518.jpg 1024w, https:\/\/climatetoolkit.org\/wp-content\/uploads\/2025\/07\/anchor-300x152.jpg 300w, https:\/\/climatetoolkit.org\/wp-content\/uploads\/2025\/07\/anchor-768x388.jpg 768w, https:\/\/climatetoolkit.org\/wp-content\/uploads\/2025\/07\/anchor-18x9.jpg 18w, https:\/\/climatetoolkit.org\/wp-content\/uploads\/2025\/07\/anchor-100x51.jpg 100w, https:\/\/climatetoolkit.org\/wp-content\/uploads\/2025\/07\/anchor-150x76.jpg 150w, https:\/\/climatetoolkit.org\/wp-content\/uploads\/2025\/07\/anchor-200x101.jpg 200w, https:\/\/climatetoolkit.org\/wp-content\/uploads\/2025\/07\/anchor-450x228.jpg 450w, https:\/\/climatetoolkit.org\/wp-content\/uploads\/2025\/07\/anchor-600x304.jpg 600w, https:\/\/climatetoolkit.org\/wp-content\/uploads\/2025\/07\/anchor-900x455.jpg 900w, https:\/\/climatetoolkit.org\/wp-content\/uploads\/2025\/07\/anchor.jpg 1200w\" sizes=\"(max-width: 1024px) 100vw, 1024px\" \/><\/figure>\n\n\n\n<p><em>16 juillet 2025<\/em><\/p>\n\n\n\n<p>L'\u00e9dition de juillet de la s\u00e9rie de webinaires Climate Toolkit pr\u00e9sente un brainstorming interactif sur l'int\u00e9gration de pratiques durables dans les activit\u00e9s quotidiennes des mus\u00e9es. Anim\u00e9e par le personnel du mus\u00e9e d'Anchorage, cette session tire les le\u00e7ons d'une institution qui fait face depuis longtemps aux impacts du changement climatique et qui a int\u00e9gr\u00e9 la durabilit\u00e9 dans sa mission.<\/p>\n\n\n\n<p>Ce webinaire aborde les strat\u00e9gies d'engagement du public, les efforts internes tels que les bilans carbone et les \u00e9quipes vertes, et l'obtention d'un financement durable. Venez d\u00e9couvrir comment votre institution peut centrer l'action climatique sur le lieu de travail.<\/p>\n\n\n\n<figure class=\"wp-block-embed is-type-video is-provider-youtube wp-block-embed-youtube wp-embed-aspect-16-9 wp-has-aspect-ratio\"><div class=\"wp-block-embed__wrapper\">\n<iframe title=\"Webinaire de la bo\u00eete \u00e0 outils sur le climat 16 : Chaque mus\u00e9e est un mus\u00e9e du climat\" width=\"605\" height=\"340\" src=\"https:\/\/www.youtube.com\/embed\/oklk4EIkc3I?feature=oembed\" frameborder=\"0\" allow=\"accelerometer; autoplay; clipboard-write; encrypted-media; gyroscope; picture-in-picture; web-share\" referrerpolicy=\"strict-origin-when-cross-origin\" allowfullscreen><\/iframe>\n<\/div><\/figure>\n\n\n\n<div class=\"wp-block-advgb-button alignnone\"><a class=\"wp-block-advgb-button_link advgbbtn-e5729732-da34-4c76-9465-466d3b189268\" href=\"https:\/\/youtu.be\/oklk4EIkc3I\" target=\"_blank\" rel=\"noopener noreferrer\"><span>Voir sur YouTube<\/span><\/a><\/div>\n\n\n\n<hr class=\"wp-block-separator has-alpha-channel-opacity\"\/>\n\n\n\n<h2 class=\"wp-block-heading\" id=\"tools-of-transformation-5-an-introduction-to-essence-thinking-2d98b15e-77ba-45f2-9b3c-1285ce7632ef\">Outils de transformation 5 : Introduction \u00e0 la pens\u00e9e de l'essence<\/h2>\n\n\n\n<figure class=\"wp-block-image size-large is-resized\"><a href=\"https:\/\/us02web.zoom.us\/meeting\/register\/jP8YLdlaTAKMXjlDfSdsBg\"><img decoding=\"async\" width=\"1024\" height=\"512\" src=\"https:\/\/climatetoolkit.org\/wp-content\/uploads\/2024\/09\/image-1024x512.png\" alt=\"\" class=\"wp-image-3804\" style=\"width:714px;height:auto\" srcset=\"https:\/\/climatetoolkit.org\/wp-content\/uploads\/2024\/09\/image-1024x512.png 1024w, https:\/\/climatetoolkit.org\/wp-content\/uploads\/2024\/09\/image-450x225.png 450w, https:\/\/climatetoolkit.org\/wp-content\/uploads\/2024\/09\/image-300x150.png 300w, https:\/\/climatetoolkit.org\/wp-content\/uploads\/2024\/09\/image-768x384.png 768w, https:\/\/climatetoolkit.org\/wp-content\/uploads\/2024\/09\/image-18x9.png 18w, https:\/\/climatetoolkit.org\/wp-content\/uploads\/2024\/09\/image-100x50.png 100w, https:\/\/climatetoolkit.org\/wp-content\/uploads\/2024\/09\/image-150x75.png 150w, https:\/\/climatetoolkit.org\/wp-content\/uploads\/2024\/09\/image-200x100.png 200w, https:\/\/climatetoolkit.org\/wp-content\/uploads\/2024\/09\/image-600x300.png 600w, https:\/\/climatetoolkit.org\/wp-content\/uploads\/2024\/09\/image-900x450.png 900w, https:\/\/climatetoolkit.org\/wp-content\/uploads\/2024\/09\/image-400x200.png 400w, https:\/\/climatetoolkit.org\/wp-content\/uploads\/2024\/09\/image.png 1494w\" sizes=\"(max-width: 1024px) 100vw, 1024px\" \/><\/a><\/figure>\n\n\n\n<p><em>21 mai 2025<\/em><\/p>\n\n\n\n<p>L'essence est ce qui rend chaque \u00eatre vivant unique, et elle s'exprime dans la mani\u00e8re dont nous nous engageons dans le monde, dans notre but dans la vie, et dans la valeur unique que nous cr\u00e9ons. Il en va de m\u00eame pour l'essence des syst\u00e8mes naturels, des communaut\u00e9s et des organisations.<\/p>\n\n\n\n<p>La bo\u00eete \u00e0 outils sur le climat vise \u00e0 inciter les institutions \u00e0 d\u00e9couvrir le potentiel latent de leur essence d'une mani\u00e8re qui r\u00e9v\u00e8le leurs relations intrins\u00e8ques avec les personnes et les lieux qu'elles servent, ainsi que le contexte \u00e9cologique, social et historique dans lequel elles travaillent. En s'engageant dans ce niveau de d\u00e9couverte profonde, les institutions seront en mesure de se positionner id\u00e9alement pour favoriser des opportunit\u00e9s r\u00e9ciproques et uniques de faire face au changement climatique entre elles, leurs communaut\u00e9s et la terre.&nbsp;<\/p>\n\n\n\n<p>Regardez et participez \u00e0 notre derni\u00e8re session sur les outils de transformation pour une introduction \u00e0 l'essence avec la conf\u00e9renci\u00e8re invit\u00e9e Sonja Bochart, directrice de Shepley Bulfinch et ancienne \u00e9l\u00e8ve de l'Institut Regenesis pour la pratique r\u00e9g\u00e9n\u00e9rative.<\/p>\n\n\n\n<figure class=\"wp-block-embed is-type-video is-provider-youtube wp-block-embed-youtube wp-embed-aspect-4-3 wp-has-aspect-ratio\"><div class=\"wp-block-embed__wrapper\">\n<iframe title=\"Climate Toolkit Presents &quot;Tools of Transformation 5: An Introduction to Essence Thinking&quot;\" width=\"605\" height=\"454\" src=\"https:\/\/www.youtube.com\/embed\/Zh5gArZK4iU?feature=oembed\" frameborder=\"0\" allow=\"accelerometer; autoplay; clipboard-write; encrypted-media; gyroscope; picture-in-picture; web-share\" referrerpolicy=\"strict-origin-when-cross-origin\" allowfullscreen><\/iframe>\n<\/div><\/figure>\n\n\n\n<div class=\"wp-block-advgb-button alignnone\"><a class=\"wp-block-advgb-button_link advgbbtn-698e94b8-3387-4169-9914-de76d574ad7a\" href=\"https:\/\/youtu.be\/Zh5gArZK4iU\" target=\"_blank\" rel=\"noopener noreferrer\"><span>Voir sur YouTube<\/span><\/a><\/div>\n\n\n\n<hr class=\"wp-block-separator has-alpha-channel-opacity\"\/>\n\n\n\n<h2 class=\"wp-block-heading\" id=\"webinar-15-electrification-strategies-7c7cd7f3-7d41-4e2b-8e94-d1b4645668a1\">Webinar 15 : Strat\u00e9gies d'\u00e9lectrification<\/h2>\n\n\n\n<figure class=\"wp-block-image size-large is-resized\"><img decoding=\"async\" width=\"1024\" height=\"640\" src=\"https:\/\/climatetoolkit.org\/wp-content\/uploads\/2025\/03\/equipment-1024x640.jpg\" alt=\"\" class=\"wp-image-4266\" style=\"width:723px;height:auto\" srcset=\"https:\/\/climatetoolkit.org\/wp-content\/uploads\/2025\/03\/equipment-1024x640.jpg 1024w, https:\/\/climatetoolkit.org\/wp-content\/uploads\/2025\/03\/equipment-300x188.jpg 300w, https:\/\/climatetoolkit.org\/wp-content\/uploads\/2025\/03\/equipment-768x480.jpg 768w, https:\/\/climatetoolkit.org\/wp-content\/uploads\/2025\/03\/equipment-1536x960.jpg 1536w, https:\/\/climatetoolkit.org\/wp-content\/uploads\/2025\/03\/equipment-18x12.jpg 18w, https:\/\/climatetoolkit.org\/wp-content\/uploads\/2025\/03\/equipment-800x500.jpg 800w, https:\/\/climatetoolkit.org\/wp-content\/uploads\/2025\/03\/equipment-100x63.jpg 100w, https:\/\/climatetoolkit.org\/wp-content\/uploads\/2025\/03\/equipment-150x94.jpg 150w, https:\/\/climatetoolkit.org\/wp-content\/uploads\/2025\/03\/equipment-200x125.jpg 200w, https:\/\/climatetoolkit.org\/wp-content\/uploads\/2025\/03\/equipment-450x281.jpg 450w, https:\/\/climatetoolkit.org\/wp-content\/uploads\/2025\/03\/equipment-600x375.jpg 600w, https:\/\/climatetoolkit.org\/wp-content\/uploads\/2025\/03\/equipment-900x563.jpg 900w, https:\/\/climatetoolkit.org\/wp-content\/uploads\/2025\/03\/equipment.jpg 2048w\" sizes=\"(max-width: 1024px) 100vw, 1024px\" \/><\/figure>\n\n\n\n<p><em>26 mars 2025<\/em><\/p>\n\n\n\n<p>Afin de r\u00e9duire r\u00e9ellement leur empreinte carbone, les institutions culturelles doivent \u00e9lectrifier leurs op\u00e9rations dans toute la mesure du possible, ce qui implique de remplacer les \u00e9quipements d'am\u00e9nagement paysager, les v\u00e9hicules de la flotte et les syst\u00e8mes de chauffage, de ventilation et de climatisation des b\u00e2timents utilisant des combustibles fossiles par des solutions de remplacement \u00e9lectriques non polluantes. &nbsp;<\/p>\n\n\n\n<p>\u00c0 cette fin, la bo\u00eete \u00e0 outils <strong>Groupe de travail sur l'\u00e9lectrification<\/strong> se r\u00e9unit tous les trimestres depuis 2023, avec plus de 30 institutions membres engag\u00e9es dans l'\u00e9change de ressources et de meilleures technologies pour atteindre cet objectif. Cette communaut\u00e9 de pratique, qui en est \u00e0 sa troisi\u00e8me ann\u00e9e d'existence, souhaite partager ses connaissances et les enseignements qu'elle a tir\u00e9s avec l'ensemble du r\u00e9seau Climate Toolkit.&nbsp;<\/p>\n\n\n\n<figure class=\"wp-block-embed is-type-video is-provider-youtube wp-block-embed-youtube wp-embed-aspect-16-9 wp-has-aspect-ratio\"><div class=\"wp-block-embed__wrapper\">\n<iframe title=\"Climate Toolkit Webinar 15 : Strat\u00e9gies d&#039;\u00e9lectrification\" width=\"605\" height=\"340\" src=\"https:\/\/www.youtube.com\/embed\/fJIl6oZXTjk?feature=oembed\" frameborder=\"0\" allow=\"accelerometer; autoplay; clipboard-write; encrypted-media; gyroscope; picture-in-picture; web-share\" referrerpolicy=\"strict-origin-when-cross-origin\" allowfullscreen><\/iframe>\n<\/div><\/figure>\n\n\n\n<div class=\"wp-block-advgb-button alignnone\"><a class=\"wp-block-advgb-button_link advgbbtn-5f6e0d55-c84a-47a3-ae3c-e47e1e4a63a4\" href=\"https:\/\/www.youtube.com\/watch?v=fJIl6oZXTjk\" target=\"_blank\" rel=\"noopener noreferrer\"><span>Voir sur YouTube<\/span><\/a><\/div>\n\n\n\n<hr class=\"wp-block-separator has-alpha-channel-opacity\"\/>\n\n\n\n<h2 class=\"wp-block-heading\" id=\"tools-of-transformation-4-three-core-capabilities-8220851d-0a80-4828-877e-a7e1cb302f1a\">Outils de transformation 4 : Trois capacit\u00e9s essentielles<\/h2>\n\n\n\n<figure class=\"wp-block-image size-large is-resized\"><a href=\"https:\/\/us02web.zoom.us\/meeting\/register\/jP8YLdlaTAKMXjlDfSdsBg\"><img decoding=\"async\" width=\"1024\" height=\"512\" src=\"https:\/\/climatetoolkit.org\/wp-content\/uploads\/2024\/09\/image-1024x512.png\" alt=\"\" class=\"wp-image-3804\" style=\"width:717px;height:auto\" srcset=\"https:\/\/climatetoolkit.org\/wp-content\/uploads\/2024\/09\/image-1024x512.png 1024w, https:\/\/climatetoolkit.org\/wp-content\/uploads\/2024\/09\/image-450x225.png 450w, https:\/\/climatetoolkit.org\/wp-content\/uploads\/2024\/09\/image-300x150.png 300w, https:\/\/climatetoolkit.org\/wp-content\/uploads\/2024\/09\/image-768x384.png 768w, https:\/\/climatetoolkit.org\/wp-content\/uploads\/2024\/09\/image-18x9.png 18w, https:\/\/climatetoolkit.org\/wp-content\/uploads\/2024\/09\/image-100x50.png 100w, https:\/\/climatetoolkit.org\/wp-content\/uploads\/2024\/09\/image-150x75.png 150w, https:\/\/climatetoolkit.org\/wp-content\/uploads\/2024\/09\/image-200x100.png 200w, https:\/\/climatetoolkit.org\/wp-content\/uploads\/2024\/09\/image-600x300.png 600w, https:\/\/climatetoolkit.org\/wp-content\/uploads\/2024\/09\/image-900x450.png 900w, https:\/\/climatetoolkit.org\/wp-content\/uploads\/2024\/09\/image-400x200.png 400w, https:\/\/climatetoolkit.org\/wp-content\/uploads\/2024\/09\/image.png 1494w\" sizes=\"(max-width: 1024px) 100vw, 1024px\" \/><\/a><\/figure>\n\n\n\n<p><em>29 janvier 2025<\/em><\/p>\n\n\n\n<p>Dans le travail que nous sommes appel\u00e9s \u00e0 faire, la perspective joue un r\u00f4le important dans la d\u00e9termination de notre efficacit\u00e9. Nous avons tendance \u00e0 nous concentrer sur la \"r\u00e9solution de probl\u00e8mes\", c'est-\u00e0-dire sur l'identification du moyen le moins difficile d'atteindre une fin et sur la poursuite de cette voie pour faire dispara\u00eetre un d\u00e9fi ou une frustration, ce qui permet de maintenir le statu quo. La pens\u00e9e r\u00e9g\u00e9n\u00e9ratrice nous oblige \u00e0 nous entra\u00eener \u00e0 utiliser les d\u00e9fis comme une opportunit\u00e9 de renforcer l'ensemble plus vaste dans lequel nous travaillons. <\/p>\n\n\n\n<p>La session 4 de \"Tools of Transformation\" pr\u00e9sente les trois capacit\u00e9s de base - Locus de contr\u00f4le interne, Consid\u00e9ration externe et Source d'agence - comme des comp\u00e9tences pratiques qui peuvent nous aider \u00e0 surmonter les tendances conventionnelles \u00e0 la r\u00e9solution de probl\u00e8mes, rassembl\u00e9es dans un cadre que vous pouvez utiliser pour faire \u00e9voluer votre r\u00e9flexion sur n'importe quel projet. &nbsp;<\/p>\n\n\n\n<figure class=\"wp-block-embed is-type-video is-provider-youtube wp-block-embed-youtube wp-embed-aspect-16-9 wp-has-aspect-ratio\"><div class=\"wp-block-embed__wrapper\">\n<iframe title=\"Climate Toolkit Presents &quot;Tools of Transformation 4: Three Core Capabilities&quot;\" width=\"605\" height=\"340\" src=\"https:\/\/www.youtube.com\/embed\/zpTcSeJoOWI?feature=oembed\" frameborder=\"0\" allow=\"accelerometer; autoplay; clipboard-write; encrypted-media; gyroscope; picture-in-picture; web-share\" referrerpolicy=\"strict-origin-when-cross-origin\" allowfullscreen><\/iframe>\n<\/div><\/figure>\n\n\n\n<div class=\"wp-block-buttons is-layout-flex wp-block-buttons-is-layout-flex\">\n<div class=\"wp-block-button\"><a class=\"wp-block-button__link has-luminous-vivid-amber-background-color has-background has-custom-font-size wp-element-button\" href=\"https:\/\/youtu.be\/zpTcSeJoOWI\" style=\"border-radius:62px;font-size:16px\">Voir sur YouTube<\/a><\/div>\n<\/div>\n\n\n\n<hr class=\"wp-block-separator has-alpha-channel-opacity\"\/>\n\n\n\n<h2 class=\"wp-block-heading\" id=\"webinar-14-how-museums-are-engaging-audiences-on-climate-change-7c1262a9-d105-498a-8de9-46d04749e5cb\">Webinar 14 : Comment les mus\u00e9es impliquent le public dans le changement climatique<\/h2>\n\n\n\n<figure class=\"wp-block-image size-large is-resized\"><img decoding=\"async\" width=\"1024\" height=\"576\" src=\"https:\/\/climatetoolkit.org\/wp-content\/uploads\/2024\/12\/A_Climate_Of_Hope-1200x675-1-1024x576.jpg\" alt=\"\" class=\"wp-image-4009\" style=\"width:721px;height:auto\" srcset=\"https:\/\/climatetoolkit.org\/wp-content\/uploads\/2024\/12\/A_Climate_Of_Hope-1200x675-1-1024x576.jpg 1024w, https:\/\/climatetoolkit.org\/wp-content\/uploads\/2024\/12\/A_Climate_Of_Hope-1200x675-1-300x169.jpg 300w, https:\/\/climatetoolkit.org\/wp-content\/uploads\/2024\/12\/A_Climate_Of_Hope-1200x675-1-768x432.jpg 768w, https:\/\/climatetoolkit.org\/wp-content\/uploads\/2024\/12\/A_Climate_Of_Hope-1200x675-1-18x10.jpg 18w, https:\/\/climatetoolkit.org\/wp-content\/uploads\/2024\/12\/A_Climate_Of_Hope-1200x675-1-100x56.jpg 100w, https:\/\/climatetoolkit.org\/wp-content\/uploads\/2024\/12\/A_Climate_Of_Hope-1200x675-1-150x84.jpg 150w, https:\/\/climatetoolkit.org\/wp-content\/uploads\/2024\/12\/A_Climate_Of_Hope-1200x675-1-200x113.jpg 200w, https:\/\/climatetoolkit.org\/wp-content\/uploads\/2024\/12\/A_Climate_Of_Hope-1200x675-1-450x253.jpg 450w, https:\/\/climatetoolkit.org\/wp-content\/uploads\/2024\/12\/A_Climate_Of_Hope-1200x675-1-600x338.jpg 600w, https:\/\/climatetoolkit.org\/wp-content\/uploads\/2024\/12\/A_Climate_Of_Hope-1200x675-1-900x506.jpg 900w, https:\/\/climatetoolkit.org\/wp-content\/uploads\/2024\/12\/A_Climate_Of_Hope-1200x675-1.jpg 1200w\" sizes=\"(max-width: 1024px) 100vw, 1024px\" \/><\/figure>\n\n\n\n<p><em>4 d\u00e9cembre 2024<\/em><\/p>\n\n\n\n<p>Les institutions culturelles occupent une position d'influence unique au sein de leurs communaut\u00e9s, servant de centres de confiance pour l'\u00e9ducation et la diffusion des connaissances pour les personnes qu'elles servent. \u00c0 ce titre, les mus\u00e9es ont la possibilit\u00e9 d'informer et de motiver le public \u00e0 agir dans la lutte contre le changement climatique. <\/p>\n\n\n\n<p>Le webinaire 14 de la bo\u00eete \u00e0 outils sur le climat, intitul\u00e9 \"How Museums Are Engaging Audiences on Climate Change\", examine deux expositions publiques de premier plan sur le changement climatique dans le domaine des mus\u00e9es. <strong>Mus\u00e9e d'histoire naturelle de l'Utah <\/strong>d\u00e9taille son exposition phare \"Un climat d'espoir\", con\u00e7ue pour inspirer la communaut\u00e9 \u00e0 \u0153uvrer pour un avenir prosp\u00e8re dans un monde au climat changeant, suivie d'une exploration de l'exposition \"Un climat d'espoir\". <strong>Le projet du Wild Center <\/strong>\"Solutions climatiques\", une exposition interactive et approfondie sur les personnes, les technologies et les mouvements sociaux qui s'attaquent au changement climatique au niveau local et au-del\u00e0. <\/p>\n\n\n\n<p>Pr\u00e9sentateurs : <\/p>\n\n\n\n<p>- Lisa Thompson, conceptrice d'expositions, mus\u00e9e d'histoire naturelle de l'Utah - <a href=\"https:\/\/phippsconservatory.prospect2.com\/lt.php?x=3DZy~GE3U3egEp_8__Q9VRV0~a2iuQAhk~tgk5TKI3Wc55FA-Uy.0.Zv2o2mj_c~juZAXHLEI3S\">A C<\/a><a href=\"https:\/\/nhmu.utah.edu\/exhibitions\/climate-of-hope\">limate de l'espoir<\/a><\/p>\n\n\n\n<p>- Jen Kretser, directrice des initiatives climatiques, The Wild Center - (en anglais) <a href=\"https:\/\/wildclimatesolutions.com\/exhibit\/\">Solutions pour le climat<\/a><\/p>\n\n\n\n<p>D\u00e9couvrez cette pr\u00e9sentation passionnante de strat\u00e9gies visant \u00e0 int\u00e9grer la science du climat et les r\u00e9cits locaux dans les espaces d'exposition. Nous sommes ravis de partager de nouvelles fa\u00e7ons de motiver et d'activer votre public et la communaut\u00e9 environnante dans le voyage collectif pour faire face au changement climatique.<\/p>\n\n\n\n<figure class=\"wp-block-embed is-type-video is-provider-youtube wp-block-embed-youtube wp-embed-aspect-16-9 wp-has-aspect-ratio\"><div class=\"wp-block-embed__wrapper\">\n<iframe title=\"Climate Toolkit Webinar 14 : Comment les mus\u00e9es impliquent le public dans le changement climatique\" width=\"605\" height=\"340\" src=\"https:\/\/www.youtube.com\/embed\/UC1x-hSxeWs?feature=oembed\" frameborder=\"0\" allow=\"accelerometer; autoplay; clipboard-write; encrypted-media; gyroscope; picture-in-picture; web-share\" referrerpolicy=\"strict-origin-when-cross-origin\" allowfullscreen><\/iframe>\n<\/div><\/figure>\n\n\n\n<div class=\"wp-block-buttons is-layout-flex wp-block-buttons-is-layout-flex\">\n<div class=\"wp-block-button\"><a class=\"wp-block-button__link has-luminous-vivid-amber-background-color has-background has-custom-font-size wp-element-button\" href=\"https:\/\/www.youtube.com\/watch?v=UC1x-hSxeWs\" style=\"font-size:17px\">Voir sur YouTube<\/a><\/div>\n<\/div>\n\n\n\n<hr class=\"wp-block-separator has-alpha-channel-opacity\"\/>\n\n\n\n<h2 class=\"wp-block-heading\" id=\"tools-of-transformation-3-five-stakeholders-c4bdb37e-118c-477b-a648-a1a5a24a12d4\">Outils de transformation 3 : Cinq parties prenantes<\/h2>\n\n\n\n<figure class=\"wp-block-image size-full is-resized\"><img decoding=\"async\" width=\"648\" height=\"323\" src=\"https:\/\/climatetoolkit.org\/wp-content\/uploads\/2024\/01\/ToT.jpg\" alt=\"\" class=\"wp-image-2984\" style=\"width:724px;height:auto\" srcset=\"https:\/\/climatetoolkit.org\/wp-content\/uploads\/2024\/01\/ToT.jpg 648w, https:\/\/climatetoolkit.org\/wp-content\/uploads\/2024\/01\/ToT-300x150.jpg 300w, https:\/\/climatetoolkit.org\/wp-content\/uploads\/2024\/01\/ToT-100x50.jpg 100w, https:\/\/climatetoolkit.org\/wp-content\/uploads\/2024\/01\/ToT-150x75.jpg 150w, https:\/\/climatetoolkit.org\/wp-content\/uploads\/2024\/01\/ToT-200x100.jpg 200w, https:\/\/climatetoolkit.org\/wp-content\/uploads\/2024\/01\/ToT-450x224.jpg 450w, https:\/\/climatetoolkit.org\/wp-content\/uploads\/2024\/01\/ToT-600x299.jpg 600w\" sizes=\"(max-width: 648px) 100vw, 648px\" \/><\/figure>\n\n\n\n<p><em>28 ao\u00fbt 2024<\/em><\/p>\n\n\n\n<p>Dans la mentalit\u00e9 traditionnelle des entreprises, le succ\u00e8s est souvent d\u00e9fini par la capacit\u00e9 d'accumuler et d'obtenir un rendement financier. C'est ce que l'on appelle commun\u00e9ment le \"r\u00e9sultat net\". La pens\u00e9e r\u00e9g\u00e9n\u00e9ratrice propose qu'une prise en compte plus approfondie des parties prenantes \u00e0 tous les niveaux du processus d\u00e9cisionnel - et, surtout, de leur capacit\u00e9 et de leur potentiel - permettra de surmonter la tendance \u00e0 cloisonner les priorit\u00e9s et \u00e0 manquer de liens entre les parties prenantes.<\/p>\n\n\n\n<p>La session 3 de \"Tools of Transformation\" continue d'explorer un mode de pens\u00e9e ax\u00e9 sur les syst\u00e8mes vivants, qui consid\u00e8re la nature dynamique et interactive des relations d'une mani\u00e8re qui permet \u00e0 toutes les parties prenantes - des donateurs aux visiteurs en passant par les employ\u00e9s et le monde naturel lui-m\u00eame - de co\u00e9voluer et d'atteindre leur meilleur potentiel.<\/p>\n\n\n\n<figure class=\"wp-block-embed is-type-video is-provider-youtube wp-block-embed-youtube wp-embed-aspect-16-9 wp-has-aspect-ratio\"><div class=\"wp-block-embed__wrapper\">\n<iframe title=\"Climate Toolkit pr\u00e9sente &quot;Les outils de la transformation Session 3 : Cinq parties prenantes&quot;.\" width=\"605\" height=\"340\" src=\"https:\/\/www.youtube.com\/embed\/UqmY1hryNtM?feature=oembed\" frameborder=\"0\" allow=\"accelerometer; autoplay; clipboard-write; encrypted-media; gyroscope; picture-in-picture; web-share\" referrerpolicy=\"strict-origin-when-cross-origin\" allowfullscreen><\/iframe>\n<\/div><\/figure>\n\n\n\n<div class=\"wp-block-advgb-button alignnone\"><a class=\"wp-block-advgb-button_link advgbbtn-b11b4dff-c6bf-40dc-b841-c6e7851739b1\" href=\"https:\/\/us02web.zoom.us\/meeting\/register\/tZ0rdOigrjwoEtYN5YzN8FcOa7VqzE969L28\" target=\"_blank\" rel=\"noopener noreferrer\"><span>Voir sur YouTube<\/span><\/a><\/div>\n\n\n\n<hr class=\"wp-block-separator has-alpha-channel-opacity\"\/>\n\n\n\n<h2 class=\"wp-block-heading wp-embed-aspect-16-9 wp-has-aspect-ratio\" id=\"webinar-13-youth-climate-engagement-8d958833-443e-42d4-8026-510bb7c5bbac\">Webinaire 13 : Engagement des jeunes en faveur du climat<\/h2>\n\n\n\n<figure class=\"wp-block-image size-large is-resized\"><img decoding=\"async\" width=\"1024\" height=\"512\" src=\"https:\/\/climatetoolkit.org\/wp-content\/uploads\/2021\/07\/Web13_Graphic-1024x512.jpg\" alt=\"\" class=\"wp-image-3292\" style=\"width:759px;height:auto\" srcset=\"https:\/\/climatetoolkit.org\/wp-content\/uploads\/2021\/07\/Web13_Graphic-1024x512.jpg 1024w, https:\/\/climatetoolkit.org\/wp-content\/uploads\/2021\/07\/Web13_Graphic-450x225.jpg 450w, https:\/\/climatetoolkit.org\/wp-content\/uploads\/2021\/07\/Web13_Graphic-300x150.jpg 300w, https:\/\/climatetoolkit.org\/wp-content\/uploads\/2021\/07\/Web13_Graphic-768x384.jpg 768w, https:\/\/climatetoolkit.org\/wp-content\/uploads\/2021\/07\/Web13_Graphic-18x9.jpg 18w, https:\/\/climatetoolkit.org\/wp-content\/uploads\/2021\/07\/Web13_Graphic-100x50.jpg 100w, https:\/\/climatetoolkit.org\/wp-content\/uploads\/2021\/07\/Web13_Graphic-150x75.jpg 150w, https:\/\/climatetoolkit.org\/wp-content\/uploads\/2021\/07\/Web13_Graphic-200x100.jpg 200w, https:\/\/climatetoolkit.org\/wp-content\/uploads\/2021\/07\/Web13_Graphic-600x300.jpg 600w, https:\/\/climatetoolkit.org\/wp-content\/uploads\/2021\/07\/Web13_Graphic-900x450.jpg 900w, https:\/\/climatetoolkit.org\/wp-content\/uploads\/2021\/07\/Web13_Graphic-400x200.jpg 400w, https:\/\/climatetoolkit.org\/wp-content\/uploads\/2021\/07\/Web13_Graphic.jpg 1494w\" sizes=\"(max-width: 1024px) 100vw, 1024px\" \/><\/figure>\n\n\n\n<p><em>12 juin 2024<\/em><\/p>\n\n\n\n<p>Les jeunes sont des acteurs majeurs de l'avenir de notre plan\u00e8te, mais ils ont rarement une place \u00e0 la table des n\u00e9gociations. Ils recherchent des changements significatifs, ont des id\u00e9es brillantes et rassemblent les communaut\u00e9s comme aucune autre g\u00e9n\u00e9ration n'a pu le faire auparavant. En tant qu'institutions culturelles, nous avons une occasion unique de soutenir les jeunes dans leur travail et d'apprendre d'eux.<\/p>\n\n\n\n<p>Le webinaire 13 de la bo\u00eete \u00e0 outils sur le climat : l'engagement des jeunes pour le climat pr\u00e9sente quatre \u00e9tudes de cas de groupes d'action des jeunes pour le climat \u00e9tablis au niveau national. <strong>Mus\u00e9e d'histoire naturelle de l'Utah<\/strong>, <strong>Mus\u00e9e de la d\u00e9couverte et des sciences<\/strong>, <strong>Le Wild Center<\/strong> et <strong>Conservatoire Phipps<\/strong>. Cette pr\u00e9sentation conjointe met en lumi\u00e8re des exemples de projets collaboratifs, de sommets de la jeunesse sur le climat et de ressources pour lancer un groupe d'action de la jeunesse sur le climat dans votre propre institution.&nbsp;<\/p>\n\n\n\n<figure class=\"wp-block-embed is-type-video is-provider-youtube wp-block-embed-youtube wp-embed-aspect-16-9 wp-has-aspect-ratio\"><div class=\"wp-block-embed__wrapper\">\n<iframe title=\"Webinaire 13 de la bo\u00eete \u00e0 outils sur le climat : &quot;Youth Climate Engagement&quot; (Engagement des jeunes pour le climat)\" width=\"605\" height=\"340\" src=\"https:\/\/www.youtube.com\/embed\/XG0-fmx1314?feature=oembed\" frameborder=\"0\" allow=\"accelerometer; autoplay; clipboard-write; encrypted-media; gyroscope; picture-in-picture; web-share\" referrerpolicy=\"strict-origin-when-cross-origin\" allowfullscreen><\/iframe>\n<\/div><\/figure>\n\n\n\n<div class=\"wp-block-advgb-button alignnone is-style-default\"><a class=\"wp-block-advgb-button_link advgbbtn-3bf59e19-9266-402b-ac97-e14609321a77\" href=\"https:\/\/youtu.be\/XG0-fmx1314\" target=\"_blank\" rel=\"noopener noreferrer\"><span><strong>Voir sur YouTube<\/strong><\/span><\/a><\/div>\n\n\n\n<p><strong>Ponts \u00e0 glissi\u00e8re :<\/strong><\/p>\n\n\n\n<ul class=\"wp-block-list\">\n<li><a href=\"https:\/\/climatetoolkit.org\/wp-content\/uploads\/2024\/06\/CAL-YCTK-June-2024.pdf\">Mus\u00e9e d'histoire naturelle de l'Utah - Laboratoire d'action critique<\/a><\/li>\n\n\n\n<li><a href=\"https:\/\/climatetoolkit.org\/wp-content\/uploads\/2024\/06\/Youth-Climate-Engagement-Webinar-Slides-JT.pdf\">Conservatoire Phipps - Comit\u00e9 des jeunes pour la d\u00e9fense du climat<\/a><\/li>\n<\/ul>\n\n\n\n<hr class=\"wp-block-separator has-alpha-channel-opacity wp-embed-aspect-16-9 wp-has-aspect-ratio\"\/>\n\n\n\n<h2 class=\"wp-block-heading\" id=\"tools-of-transformation-2-placesourced-potential-bf00c06b-7cb1-457e-a547-717e1718c23c\">Outils de transformation 2 : Potentiel local<\/h2>\n\n\n\n<figure class=\"wp-block-image size-large is-resized\"><img decoding=\"async\" width=\"1024\" height=\"512\" src=\"https:\/\/climatetoolkit.org\/wp-content\/uploads\/2024\/09\/image-1024x512.png\" alt=\"\" class=\"wp-image-3804\" style=\"width:730px;height:auto\" srcset=\"https:\/\/climatetoolkit.org\/wp-content\/uploads\/2024\/09\/image-1024x512.png 1024w, https:\/\/climatetoolkit.org\/wp-content\/uploads\/2024\/09\/image-450x225.png 450w, https:\/\/climatetoolkit.org\/wp-content\/uploads\/2024\/09\/image-300x150.png 300w, https:\/\/climatetoolkit.org\/wp-content\/uploads\/2024\/09\/image-768x384.png 768w, https:\/\/climatetoolkit.org\/wp-content\/uploads\/2024\/09\/image-18x9.png 18w, https:\/\/climatetoolkit.org\/wp-content\/uploads\/2024\/09\/image-100x50.png 100w, https:\/\/climatetoolkit.org\/wp-content\/uploads\/2024\/09\/image-150x75.png 150w, https:\/\/climatetoolkit.org\/wp-content\/uploads\/2024\/09\/image-200x100.png 200w, https:\/\/climatetoolkit.org\/wp-content\/uploads\/2024\/09\/image-600x300.png 600w, https:\/\/climatetoolkit.org\/wp-content\/uploads\/2024\/09\/image-900x450.png 900w, https:\/\/climatetoolkit.org\/wp-content\/uploads\/2024\/09\/image-400x200.png 400w, https:\/\/climatetoolkit.org\/wp-content\/uploads\/2024\/09\/image.png 1494w\" sizes=\"(max-width: 1024px) 100vw, 1024px\" \/><\/figure>\n\n\n\n<p><em>29 mai 2024<\/em><\/p>\n\n\n\n<p>Dans la pens\u00e9e r\u00e9g\u00e9n\u00e9ratrice, nous nous consid\u00e9rons nous-m\u00eames et les actions que nous entreprenons \u00e0 travers le prisme de nos r\u00f4les int\u00e9gr\u00e9s dans des syst\u00e8mes plus vastes. Ces syst\u00e8mes peuvent \u00eatre d\u00e9finis par les lieux o\u00f9 nous vivons, apprenons et travaillons. Alors que nous r\u00e9fl\u00e9chissons \u00e0 notre action en faveur du climat cette ann\u00e9e, pouvons-nous nous mettre au d\u00e9fi de consid\u00e9rer le potentiel de l'endroit o\u00f9 ce travail a lieu ?<\/p>\n\n\n\n<ul class=\"wp-block-list\">\n<li>Quelles contributions pouvons-nous apporter aux syst\u00e8mes plus vastes dans lesquels nous sommes int\u00e9gr\u00e9s ?<\/li>\n\n\n\n<li>Quelle valeur notre sp\u00e9cificit\u00e9 peut-elle apporter au monde dans le domaine de l'action climatique ?<\/li>\n\n\n\n<li>Comment y parvenir ?<\/li>\n<\/ul>\n\n\n\n<p>Telles sont quelques-unes des questions explor\u00e9es dans la session 2 de \"Tools of Transformation : Une introduction \u00e0 la pens\u00e9e r\u00e9g\u00e9n\u00e9ratrice\". Cette nouvelle s\u00e9rie de r\u00e9unions pr\u00e9sente un mode de pens\u00e9e ax\u00e9 sur les syst\u00e8mes vivants, qui consid\u00e8re la nature dynamique et interactive des relations sous un angle qui permet \u00e0 toutes les parties prenantes - des donateurs aux visiteurs en passant par les employ\u00e9s et le monde naturel lui-m\u00eame - de co\u00e9voluer et d'atteindre leur meilleur potentiel.<\/p>\n\n\n\n<p>Le changement climatique est une responsabilit\u00e9 mondiale, mais le potentiel local pour y faire face commence par une exploration approfondie de sa propre localit\u00e9 - des effets uniques du changement climatique sur son \u00e9cosyst\u00e8me \u00e0 une vision de ce que le fait de catalyser le changement \u00e0 l'\u00e9chelle r\u00e9gionale peut apporter au reste du monde.<\/p>\n\n\n\n<figure class=\"wp-block-embed is-type-video is-provider-youtube wp-block-embed-youtube wp-embed-aspect-4-3 wp-has-aspect-ratio\"><div class=\"wp-block-embed__wrapper\">\n<iframe title=\"Climate Toolkit pr\u00e9sente &quot;Tools of Transformation Session 2 : Place-Sourced Potential&quot; (Outils de transformation, session 2 : potentiel local)\" width=\"605\" height=\"454\" src=\"https:\/\/www.youtube.com\/embed\/VRsq13yBmTs?feature=oembed\" frameborder=\"0\" allow=\"accelerometer; autoplay; clipboard-write; encrypted-media; gyroscope; picture-in-picture; web-share\" referrerpolicy=\"strict-origin-when-cross-origin\" allowfullscreen><\/iframe>\n<\/div><\/figure>\n\n\n\n<hr class=\"wp-block-separator has-alpha-channel-opacity\"\/>\n\n\n\n<h2 class=\"wp-block-heading wp-embed-aspect-16-9 wp-has-aspect-ratio\" id=\"webinar-12-buildings-energy-and-decarbonization-0ed3ac36-ec8b-4389-9ca8-5dad0ee3c686\">Webinaire 12 : B\u00e2timents, \u00e9nergie et d\u00e9carbonisation<\/h2>\n\n\n\n<figure class=\"wp-block-image size-large is-resized\"><img decoding=\"async\" width=\"1024\" height=\"512\" src=\"https:\/\/climatetoolkit.org\/wp-content\/uploads\/2024\/03\/Web12_CT_2-1024x512.jpg\" alt=\"\" class=\"wp-image-3089\" style=\"width:741px;height:auto\" srcset=\"https:\/\/climatetoolkit.org\/wp-content\/uploads\/2024\/03\/Web12_CT_2-1024x512.jpg 1024w, https:\/\/climatetoolkit.org\/wp-content\/uploads\/2024\/03\/Web12_CT_2-300x150.jpg 300w, https:\/\/climatetoolkit.org\/wp-content\/uploads\/2024\/03\/Web12_CT_2-768x384.jpg 768w, https:\/\/climatetoolkit.org\/wp-content\/uploads\/2024\/03\/Web12_CT_2-100x50.jpg 100w, https:\/\/climatetoolkit.org\/wp-content\/uploads\/2024\/03\/Web12_CT_2-150x75.jpg 150w, https:\/\/climatetoolkit.org\/wp-content\/uploads\/2024\/03\/Web12_CT_2-200x100.jpg 200w, https:\/\/climatetoolkit.org\/wp-content\/uploads\/2024\/03\/Web12_CT_2-450x225.jpg 450w, https:\/\/climatetoolkit.org\/wp-content\/uploads\/2024\/03\/Web12_CT_2-600x300.jpg 600w, https:\/\/climatetoolkit.org\/wp-content\/uploads\/2024\/03\/Web12_CT_2-900x450.jpg 900w, https:\/\/climatetoolkit.org\/wp-content\/uploads\/2024\/03\/Web12_CT_2.jpg 1494w\" sizes=\"(max-width: 1024px) 100vw, 1024px\" \/><\/figure>\n\n\n\n<p><em>13 mars 2024<\/em><\/p>\n\n\n\n<p>La bo\u00eete \u00e0 outils sur le climat a r\u00e9vis\u00e9 son <a href=\"https:\/\/phippsconservatory.prospect2.com\/Prod\/link-tracker?redirectUrl=aHR0cHMlM0ElMkYlMkZjbGltYXRldG9vbGtpdC5vcmclMkZjYXRlZ29yeSUyRmJ1aWxkaW5ncy1hbmQtZW5lcmd5JTJGJTNGdXRtX3NvdXJjZSUzREFjdGl2ZUNhbXBhaWduJTI2dXRtX21lZGl1bSUzRGVtYWlsJTI2dXRtX2NvbnRlbnQlM0RDbGltYXRlJTJCVG9vbGtpdCUyQldlYmluYXIlMkIxMiUyNTNBJTJCQnVpbGRpbmdzJTI1MkMlMkJFbmVyZ3klMjUyQyUyQmFuZCUyQkRlY2FyYm9uaXphdGlvbiUyNnV0bV9jYW1wYWlnbiUzRENsaW1hdGUlMkJUb29sa2l0X0lSQSUyQldvcmtzaG9wJTJCLSUyQlJvdW5kJTJCMiUyQiUyNTI4Q29weSUyNTI5&amp;sig=7pg66UPTZFJB1PnzjLw8K9a8Zyow9KDDsrJU7tiDBsDN&amp;iat=1708628495&amp;a=%7C%7C801770841%7C%7C&amp;account=phippsconservatory%2Eactivehosted%2Ecom&amp;email=PEPsCrk7VDy8GkRjFl4FIIbsz3NSIBsrbMOh%2B%2FHiiOt3c%2FEA1ZUmqfv4nfMkNw%3D%3D%3AeLkdkUpFwppdwGXdQp0QW1Tl8rASmim1&amp;s=bb77d33d9f5e9aa2aac6fad47253159a&amp;i=138A163A11A2485\" target=\"_blank\" rel=\"noreferrer noopener\"><u>Domaine d'intervention B\u00e2timents et \u00e9nergie<\/u><\/a> avec des engagements climatiques actualis\u00e9s ax\u00e9s sur la conception r\u00e9g\u00e9n\u00e9ratrice, l'\u00e9nergie renouvelable et la d\u00e9carbonisation. Les nouveaux engagements ont \u00e9t\u00e9 \u00e9labor\u00e9s en collaboration avec <a href=\"https:\/\/phippsconservatory.prospect2.com\/Prod\/link-tracker?redirectUrl=aHR0cHMlM0ElMkYlMkZ3d3cuYXJjaGl0ZWN0dXJlMjAzMC5vcmclMkYlM0Z1dG1fc291cmNlJTNEQWN0aXZlQ2FtcGFpZ24lMjZ1dG1fbWVkaXVtJTNEZW1haWwlMjZ1dG1fY29udGVudCUzRENsaW1hdGUlMkJUb29sa2l0JTJCV2ViaW5hciUyQjEyJTI1M0ElMkJCdWlsZGluZ3MlMjUyQyUyQkVuZXJneSUyNTJDJTJCYW5kJTJCRGVjYXJib25pemF0aW9uJTI2dXRtX2NhbXBhaWduJTNEQ2xpbWF0ZSUyQlRvb2xraXRfSVJBJTJCV29ya3Nob3AlMkItJTJCUm91bmQlMkIyJTJCJTI1MjhDb3B5JTI1Mjk=&amp;sig=2tpwDXf4Fy1e7vieAmmpdopDKFxzAkucrFpDhb6KMXUd&amp;iat=1708628495&amp;a=%7C%7C801770841%7C%7C&amp;account=phippsconservatory%2Eactivehosted%2Ecom&amp;email=PEPsCrk7VDy8GkRjFl4FIIbsz3NSIBsrbMOh%2B%2FHiiOt3c%2FEA1ZUmqfv4nfMkNw%3D%3D%3AeLkdkUpFwppdwGXdQp0QW1Tl8rASmim1&amp;s=bb77d33d9f5e9aa2aac6fad47253159a&amp;i=138A163A11A2486\" target=\"_blank\" rel=\"noreferrer noopener\"><u>Architecture 2030<\/u><\/a>Cette organisation a pour mission de transformer rapidement l'environnement b\u00e2ti, principal \u00e9metteur de gaz \u00e0 effet de serre, en une solution centrale \u00e0 la crise climatique.<\/p>\n\n\n\n<p>Ce webinaire d'une heure aborde l'intersection des b\u00e2timents, de l'\u00e9nergie et de la d\u00e9carbonisation et fournit des ressources et des exemples pour vous aider \u00e0 atteindre ces objectifs vitaux. Vincent Martinez, pr\u00e9sident et directeur de l'exploitation de <strong>Architecture 2030<\/strong>pr\u00e9sente son cadre actualis\u00e9 pour l'ensemble de l'environnement b\u00e2ti afin de respecter l'accord de Paris et de parvenir \u00e0 une \u00e9limination compl\u00e8te des \u00e9missions de CO2 provenant des combustibles fossiles d'ici \u00e0 2040 ; et Richard Piacentini, pr\u00e9sident-directeur g\u00e9n\u00e9ral de <strong>Conservatoire et jardins botaniques Phipps<\/strong>Le rapport d'\u00e9valuation des projets de construction explique comment red\u00e9finir le retour sur investissement des projets de construction pour que vos nouveaux projets de construction et de r\u00e9novation r\u00e9pondent \u00e0 vos ambitions en mati\u00e8re d'efficacit\u00e9 et de r\u00e9duction des \u00e9missions.&nbsp;<\/p>\n\n\n\n<iframe width=\"560\" height=\"315\" src=\"https:\/\/www.youtube.com\/embed\/VGGdpjvXi_g?si=aMLGkhb4raQOjrCM\" title=\"Lecteur vid\u00e9o YouTube\" frameborder=\"0\" allow=\"accelerometer; autoplay; clipboard-write; encrypted-media; gyroscope; picture-in-picture; web-share\" allowfullscreen><\/iframe>\n\n\n\n<p><strong><em>Principales ressources du webinaire :<\/em><\/strong><\/p>\n\n\n\n<ul class=\"wp-block-list\">\n<li><a href=\"https:\/\/climatetoolkit.org\/wp-content\/uploads\/2024\/03\/24-03-013-Climate-Toolkit-Webinar-email.pdf\">Diaporama Architecture 2030<\/a><\/li>\n\n\n\n<li><a href=\"https:\/\/climatetoolkit.org\/wp-content\/uploads\/2024\/03\/Climate-Toolkit-3_13_2024.pdf\">Diaporama du conservatoire Phipps<\/a><\/li>\n<\/ul>\n\n\n\n<hr class=\"wp-block-separator has-alpha-channel-opacity\"\/>\n\n\n\n<h2 class=\"wp-block-heading\" id=\"climate-toolkit-workshop-the-inflation-reduction-act-for-cultural-institutions-c6e18b16-3cf0-471b-a395-daf660200a46\">Atelier \"Climate Toolkit\" : La loi sur la r\u00e9duction de l'inflation pour les institutions culturelles<\/h2>\n\n\n\n<figure class=\"wp-block-image size-large is-resized\"><img decoding=\"async\" width=\"1024\" height=\"512\" src=\"https:\/\/climatetoolkit.org\/wp-content\/uploads\/2024\/01\/IRA_GH_2-1024x512.jpg\" alt=\"\" class=\"wp-image-2974\" style=\"width:727px;height:auto\" srcset=\"https:\/\/climatetoolkit.org\/wp-content\/uploads\/2024\/01\/IRA_GH_2-1024x512.jpg 1024w, https:\/\/climatetoolkit.org\/wp-content\/uploads\/2024\/01\/IRA_GH_2-450x225.jpg 450w, https:\/\/climatetoolkit.org\/wp-content\/uploads\/2024\/01\/IRA_GH_2-300x150.jpg 300w, https:\/\/climatetoolkit.org\/wp-content\/uploads\/2024\/01\/IRA_GH_2-768x384.jpg 768w, https:\/\/climatetoolkit.org\/wp-content\/uploads\/2024\/01\/IRA_GH_2-18x9.jpg 18w, https:\/\/climatetoolkit.org\/wp-content\/uploads\/2024\/01\/IRA_GH_2-100x50.jpg 100w, https:\/\/climatetoolkit.org\/wp-content\/uploads\/2024\/01\/IRA_GH_2-150x75.jpg 150w, https:\/\/climatetoolkit.org\/wp-content\/uploads\/2024\/01\/IRA_GH_2-200x100.jpg 200w, https:\/\/climatetoolkit.org\/wp-content\/uploads\/2024\/01\/IRA_GH_2-600x300.jpg 600w, https:\/\/climatetoolkit.org\/wp-content\/uploads\/2024\/01\/IRA_GH_2-900x450.jpg 900w, https:\/\/climatetoolkit.org\/wp-content\/uploads\/2024\/01\/IRA_GH_2-400x200.jpg 400w, https:\/\/climatetoolkit.org\/wp-content\/uploads\/2024\/01\/IRA_GH_2.jpg 1494w\" sizes=\"(max-width: 1024px) 100vw, 1024px\" \/><\/figure>\n\n\n\n<p><em>14 f\u00e9vrier 2024<\/em><\/p>\n\n\n\n<p><a href=\"https:\/\/phippsconservatory.prospect2.com\/Prod\/link-tracker?redirectUrl=aHR0cHMlM0ElMkYlMkZybWkub3JnJTJGJTNGdXRtX3NvdXJjZSUzREFjdGl2ZUNhbXBhaWduJTI2dXRtX21lZGl1bSUzRGVtYWlsJTI2dXRtX2NvbnRlbnQlM0RDbGltYXRlJTJCVG9vbGtpdCUyQldvcmtzaG9wJTI1M0ElMkJJbmZsYXRpb24lMkJSZWR1Y3Rpb24lMkJBY3QlMkJmb3IlMkJDdWx0dXJhbCUyQk5vbnByb2ZpdHMlMjZ1dG1fY2FtcGFpZ24lM0RDbGltYXRlJTJCVG9vbGtpdF9JUkElMkJXb3Jrc2hvcCUyQiUyNTI4Q29weSUyNTI5&amp;sig=64vFLxTZKsUmaA4eQijMWAba5KSWrQRHE8UNyN6v4B2n&amp;iat=1706033257&amp;a=%7C%7C801770841%7C%7C&amp;account=phippsconservatory%2Eactivehosted%2Ecom&amp;email=HCc%2BOeoL58mJ0LVVGrTeD7l2T7ozPho07KPPORBVC0NCa%2FQ%2F7AC3knhMey97YA%3D%3D%3AvJcfRUpDJJH9TJCM9b8aRkj4FL09J11a&amp;s=bb77d33d9f5e9aa2aac6fad47253159a&amp;i=45A69A11A735\" target=\"_blank\" rel=\"noreferrer noopener\"><u>RMI<\/u><\/a>, <a href=\"https:\/\/phippsconservatory.prospect2.com\/Prod\/link-tracker?redirectUrl=aHR0cHMlM0ElMkYlMkZlY3Bycy5vcmclMkYlM0Z1dG1fc291cmNlJTNEQWN0aXZlQ2FtcGFpZ24lMjZ1dG1fbWVkaXVtJTNEZW1haWwlMjZ1dG1fY29udGVudCUzRENsaW1hdGUlMkJUb29sa2l0JTJCV29ya3Nob3AlMjUzQSUyQkluZmxhdGlvbiUyQlJlZHVjdGlvbiUyQkFjdCUyQmZvciUyQkN1bHR1cmFsJTJCTm9ucHJvZml0cyUyNnV0bV9jYW1wYWlnbiUzRENsaW1hdGUlMkJUb29sa2l0X0lSQSUyQldvcmtzaG9wJTJCJTI1MjhDb3B5JTI1Mjk=&amp;sig=34muLBVtwBSeA2RtUBvRqWMoiNh99DSKCkByDR2E3oEK&amp;iat=1706033257&amp;a=%7C%7C801770841%7C%7C&amp;account=phippsconservatory%2Eactivehosted%2Ecom&amp;email=HCc%2BOeoL58mJ0LVVGrTeD7l2T7ozPho07KPPORBVC0NCa%2FQ%2F7AC3knhMey97YA%3D%3D%3AvJcfRUpDJJH9TJCM9b8aRkj4FL09J11a&amp;s=bb77d33d9f5e9aa2aac6fad47253159a&amp;i=45A69A11A733\" target=\"_blank\" rel=\"noreferrer noopener\"><u>Partenaires de l'environnement et de la culture<\/u><\/a> et <a href=\"https:\/\/phippsconservatory.prospect2.com\/Prod\/link-tracker?redirectUrl=aHR0cHMlM0ElMkYlMkZ3d3cuYW1lcmljYWlzYWxsaW4uY29tJTJGJTNGdXRtX3NvdXJjZSUzREFjdGl2ZUNhbXBhaWduJTI2dXRtX21lZGl1bSUzRGVtYWlsJTI2dXRtX2NvbnRlbnQlM0RDbGltYXRlJTJCVG9vbGtpdCUyQldvcmtzaG9wJTI1M0ElMkJJbmZsYXRpb24lMkJSZWR1Y3Rpb24lMkJBY3QlMkJmb3IlMkJDdWx0dXJhbCUyQk5vbnByb2ZpdHMlMjZ1dG1fY2FtcGFpZ24lM0RDbGltYXRlJTJCVG9vbGtpdF9JUkElMkJXb3Jrc2hvcCUyQiUyNTI4Q29weSUyNTI5&amp;sig=GtzoyNTZYCk32SjcTqyE95KvsU5jWWoBi72bEyJdh1Fo&amp;iat=1706033257&amp;a=%7C%7C801770841%7C%7C&amp;account=phippsconservatory%2Eactivehosted%2Ecom&amp;email=HCc%2BOeoL58mJ0LVVGrTeD7l2T7ozPho07KPPORBVC0NCa%2FQ%2F7AC3knhMey97YA%3D%3D%3AvJcfRUpDJJH9TJCM9b8aRkj4FL09J11a&amp;s=bb77d33d9f5e9aa2aac6fad47253159a&amp;i=45A69A11A885\" target=\"_blank\" rel=\"noreferrer noopener\"><u>L'Am\u00e9rique est dans le coup<\/u><\/a> sont heureux de pr\u00e9senter un atelier sur la bo\u00eete \u00e0 outils climatique ax\u00e9 sur la loi sur la r\u00e9duction de l'inflation.<\/p>\n\n\n\n<p><strong><em>Qu'est-ce que l'IRA et comment peut-il aider les institutions culturelles ?<\/em><\/strong><br>La loi sur la r\u00e9duction de l'inflation offre des possibilit\u00e9s in\u00e9dites aux organisations culturelles \u00e0 but non lucratif bas\u00e9es aux \u00c9tats-Unis qui cherchent des moyens de financement pour des projets d'\u00e9nergie propre et des initiatives de conception positive pour le climat. Notre atelier est con\u00e7u pour vous fournir des informations pr\u00e9cieuses sur la mani\u00e8re de naviguer dans cette l\u00e9gislation, de d\u00e9bloquer un soutien financier et de mettre en \u0153uvre des pratiques durables qui s'alignent sur la mission de votre organisation.<\/p>\n\n\n\n<figure class=\"wp-block-embed is-type-video is-provider-youtube wp-block-embed-youtube wp-embed-aspect-16-9 wp-has-aspect-ratio\"><div class=\"wp-block-embed__wrapper\">\n<iframe title=\"Un atelier sur la bo\u00eete \u00e0 outils climatique : &quot;La loi sur la r\u00e9duction de l&#039;inflation pour les institutions culturelles\" width=\"605\" height=\"340\" src=\"https:\/\/www.youtube.com\/embed\/awMpcDeiriQ?feature=oembed\" frameborder=\"0\" allow=\"accelerometer; autoplay; clipboard-write; encrypted-media; gyroscope; picture-in-picture; web-share\" referrerpolicy=\"strict-origin-when-cross-origin\" allowfullscreen><\/iframe>\n<\/div><\/figure>\n\n\n\n<p><strong><em>Ressources cl\u00e9s de l'atelier :<\/em><\/strong><\/p>\n\n\n\n<ul class=\"wp-block-list\">\n<li><a href=\"https:\/\/www.phipps.conservatory.org\/assets\/documents\/IRA_Presentation_For_Climate_Toolkit_Feb_24.pptx.pdf\">Pr\u00e9sentation Diaporama<\/a><\/li>\n\n\n\n<li><a href=\"https:\/\/cityrenewables.org\/afford-intro\/\">Outil AFFORD<\/a><\/li>\n\n\n\n<li><a href=\"https:\/\/www.americaisallin.com\/federal-climate-funding-hub\">Plateforme f\u00e9d\u00e9rale de financement pour le climat<\/a><\/li>\n<\/ul>\n\n\n\n<hr class=\"wp-block-separator has-alpha-channel-opacity\"\/>\n\n\n\n<h2 class=\"wp-block-heading\" id=\"tools-of-transformation-1-three-lines-of-work-764990b8-63e2-4b7a-a7aa-dab9d0fa221f\">Outils de transformation 1 : Trois axes de travail<\/h2>\n\n\n\n<figure class=\"wp-block-image size-full is-resized\"><img decoding=\"async\" width=\"648\" height=\"323\" src=\"https:\/\/climatetoolkit.org\/wp-content\/uploads\/2024\/01\/ToT.jpg\" alt=\"\" class=\"wp-image-2984\" style=\"width:753px;height:auto\" srcset=\"https:\/\/climatetoolkit.org\/wp-content\/uploads\/2024\/01\/ToT.jpg 648w, https:\/\/climatetoolkit.org\/wp-content\/uploads\/2024\/01\/ToT-300x150.jpg 300w, https:\/\/climatetoolkit.org\/wp-content\/uploads\/2024\/01\/ToT-100x50.jpg 100w, https:\/\/climatetoolkit.org\/wp-content\/uploads\/2024\/01\/ToT-150x75.jpg 150w, https:\/\/climatetoolkit.org\/wp-content\/uploads\/2024\/01\/ToT-200x100.jpg 200w, https:\/\/climatetoolkit.org\/wp-content\/uploads\/2024\/01\/ToT-450x224.jpg 450w, https:\/\/climatetoolkit.org\/wp-content\/uploads\/2024\/01\/ToT-600x299.jpg 600w\" sizes=\"(max-width: 648px) 100vw, 648px\" \/><\/figure>\n\n\n\n<p><em>31 janvier 2024<\/em><\/p>\n\n\n\n<p>Au cours de l'ann\u00e9e \u00e9coul\u00e9e, nous avons tous eu l'occasion d'interagir assez souvent sur le th\u00e8me de l'action climatique. Nous avons parl\u00e9 des meilleures pratiques et des objectifs, partag\u00e9 nos luttes et applaudi nos succ\u00e8s communs.<\/p>\n\n\n\n<p>Au cours de la nouvelle ann\u00e9e, nous nous r\u00e9jouissons de poursuivre la conversation tout en introduisant quelque chose de passionnant et de nouveau.<\/p>\n\n\n\n<p>Pour comprendre et d\u00e9montrer ce qu'est r\u00e9ellement le \"bien\", il faut changer de perspective. Quels sont les meilleurs moyens de mesurer le succ\u00e8s plut\u00f4t que les moyens \u00e9conomiques traditionnels ? Comment pouvons-nous garantir le succ\u00e8s \u00e0 long terme, de sorte que nos institutions soient au service d'un monde qui refl\u00e8te nos valeurs et pr\u00e9serve un avenir d'apprentissage et de croissance pour les g\u00e9n\u00e9rations \u00e0 venir ?&nbsp;<\/p>\n\n\n\n<p>Voici quelques-unes des questions que nous esp\u00e9rons vous aider \u00e0 explorer dans \"<strong>Outils de transformation : Une introduction \u00e0 la pens\u00e9e r\u00e9g\u00e9n\u00e9ratrice<\/strong>.\" Cette nouvelle s\u00e9rie de r\u00e9unions pr\u00e9sentera un mode de pens\u00e9e ax\u00e9 sur les syst\u00e8mes vivants, qui tient compte de la nature dynamique et interactive des relations, de mani\u00e8re \u00e0 permettre \u00e0 toutes les parties prenantes - qu'il s'agisse des donateurs, des visiteurs, des employ\u00e9s ou du monde naturel lui-m\u00eame - d'\u00e9voluer ensemble et d'atteindre leur plus grand potentiel.<\/p>\n\n\n\n<p>Lors de chaque nouvelle session de cette s\u00e9rie - dont la premi\u00e8re aura lieu le mercredi 31 janvier de midi \u00e0 13 h 30 (heure de l'Est) - les participants se verront pr\u00e9senter des cadres con\u00e7us pour bousculer les conventions, changer la mani\u00e8re dont vous d\u00e9veloppez des initiatives et prenez des d\u00e9cisions, et vous aider \u00e0 \u00e9lever le travail de vos coll\u00e8gues \u00e0 son plus haut niveau de potentiel.<\/p>\n\n\n\n<figure class=\"wp-block-embed is-type-video is-provider-youtube wp-block-embed-youtube wp-embed-aspect-16-9 wp-has-aspect-ratio\"><div class=\"wp-block-embed__wrapper\">\n<iframe title=\"Climate Toolkit pr\u00e9sente &quot;Outils de transformation Session 1 : Trois lignes de travail&quot;.\" width=\"605\" height=\"340\" src=\"https:\/\/www.youtube.com\/embed\/2EhDUQedLR4?feature=oembed\" frameborder=\"0\" allow=\"accelerometer; autoplay; clipboard-write; encrypted-media; gyroscope; picture-in-picture; web-share\" referrerpolicy=\"strict-origin-when-cross-origin\" allowfullscreen><\/iframe>\n<\/div><\/figure>\n\n\n\n<hr class=\"wp-block-separator has-alpha-channel-opacity\"\/>\n\n\n\n<h2 class=\"wp-block-heading\" id=\"webinar-11-naturebased-solutions-a33ce11f-868c-4d4f-ae4e-3787316412af\">Webinaire 11 : Solutions bas\u00e9es sur la nature<\/h2>\n\n\n\n<p><em>8 novembre 2023<\/em><\/p>\n\n\n\n<p>Regardez notre dernier webinaire sur \"<strong>Des solutions fond\u00e9es sur la nature pour lutter contre le changement climatique<\/strong>&#8220;.<\/p>\n\n\n\n<p>Les solutions fond\u00e9es sur la nature (NbS) exploitent le pouvoir de la nature et des \u00e9cosyst\u00e8mes sains pour augmenter le stockage du carbone tout en r\u00e9duisant les \u00e9missions. Le dernier rapport du GIEC d\u00e9montre que les solutions bas\u00e9es sur la nature sont <a href=\"https:\/\/conservatory.us6.list-manage.com\/track\/click?u=b088ccb6dbe1f07721ef40657&amp;id=1bafe645e2&amp;e=45ddea7f5f\" target=\"_blank\" rel=\"noreferrer noopener\">parmi les cinq strat\u00e9gies les plus efficaces pour r\u00e9duire les \u00e9missions de carbone d'ici \u00e0 2030<\/a> et pourraient fournir 30% des mesures d'att\u00e9nuation n\u00e9cessaires pour stabiliser la crise climatique mondiale. Dans ce webinaire d'une heure, nos intervenants de <strong>Fermes Duke<\/strong>, <strong>Acad\u00e9mie des sciences de Californie<\/strong>et <strong>Le Wild Center <\/strong>pr\u00e9sentent trois \u00e9tudes de cas institutionnelles portant sur un large \u00e9ventail de solutions fond\u00e9es sur la nature, explor\u00e9es dans des environnements ruraux, agricoles et urbains pour s\u00e9questrer le carbone, restaurer des sols sains et cr\u00e9er des villes biophiles.<\/p>\n\n\n\n<figure class=\"wp-block-embed is-type-video is-provider-youtube wp-block-embed-youtube wp-embed-aspect-16-9 wp-has-aspect-ratio\"><div class=\"wp-block-embed__wrapper\">\n<iframe title=\"Climate Toolkit Webinar 11 : Solutions bas\u00e9es sur la nature\" width=\"605\" height=\"340\" src=\"https:\/\/www.youtube.com\/embed\/06CMaPgRnOI?feature=oembed\" frameborder=\"0\" allow=\"accelerometer; autoplay; clipboard-write; encrypted-media; gyroscope; picture-in-picture; web-share\" referrerpolicy=\"strict-origin-when-cross-origin\" allowfullscreen><\/iframe>\n<\/div><\/figure>\n\n\n\n<hr class=\"wp-block-separator has-alpha-channel-opacity\"\/>\n\n\n\n<h2 class=\"wp-block-heading\" id=\"webinar-10-how-to-establish-a-green-team-c9db6b54-783b-459f-b600-29e4b135bb5b\">Webinar 10 : Comment mettre en place une \u00e9quipe verte ?<\/h2>\n\n\n\n<p><em>26 juillet 2023<\/em><\/p>\n\n\n\n<p>Regardez notre webinaire sur \"<strong>Comment mettre en place une \u00e9quipe verte<\/strong>.\" Dans ce webinaire d'une heure, nos intervenants de <strong>Jardins de Smithsonian<\/strong>, <strong>Mus\u00e9e d'art de Cincinnati<\/strong>et <strong>L'aquarium de Floride<\/strong> pr\u00e9sentent trois \u00e9tudes de cas institutionnelles sur la formation d'\u00e9quipes vertes dans le contexte d'un jardin botanique, d'un mus\u00e9e d'art et d'un aquarium. Nos invit\u00e9s discutent de l'impact que la cr\u00e9ation d'\u00e9quipes vertes peut avoir sur l'alignement des pratiques et philosophies organisationnelles autour de l'action climatique, ainsi que de la mani\u00e8re dont les \u00e9quipes vertes peuvent s'\u00e9tendre au-del\u00e0 de nos institutions pour plaider en faveur d'un changement au niveau de la communaut\u00e9.<\/p>\n\n\n\n<figure class=\"wp-block-embed is-type-video is-provider-youtube wp-block-embed-youtube wp-embed-aspect-16-9 wp-has-aspect-ratio\"><div class=\"wp-block-embed__wrapper\">\n<iframe title=\"Climate Toolkit Webinar 10 : Comment mettre en place une \u00e9quipe verte\" width=\"605\" height=\"340\" src=\"https:\/\/www.youtube.com\/embed\/Ggs2iibyZAs?feature=oembed\" frameborder=\"0\" allow=\"accelerometer; autoplay; clipboard-write; encrypted-media; gyroscope; picture-in-picture; web-share\" referrerpolicy=\"strict-origin-when-cross-origin\" allowfullscreen><\/iframe>\n<\/div><\/figure>\n\n\n\n<hr class=\"wp-block-separator has-alpha-channel-opacity\"\/>\n\n\n\n<h2 class=\"wp-block-heading\" id=\"webinar-9-sustainable-landcare-and-ecological-outreach-9ab41765-8f5c-422a-824d-4c734227afa7\">Webinaire 9 : Gestion durable des terres et sensibilisation \u00e0 l'\u00e9cologie<\/h2>\n\n\n\n<p><em>26 avril 2023<\/em><\/p>\n\n\n\n<p>Regardez le neuvi\u00e8me \u00e9pisode de notre s\u00e9rie de webinaires trimestriels gratuits sur le climat : \"<strong>Gestion durable des terres et sensibilisation \u00e0 l'\u00e9cologie<\/strong>.\" Dans ce webinaire d'une heure, Andrea DeLong-Amaya de <strong>Centre de fleurs sauvages Lady Bird Johnson<\/strong>Sonja Skelly de <strong>Jardins botaniques de Cornell<\/strong>Gabe Tilove et Juliette Olshock de <strong>Conservatoire Phipps<\/strong> discuter de l'importance d'apporter la richesse \u00e9cologique, la biodiversit\u00e9 animale et v\u00e9g\u00e9tale, la r\u00e9silience climatique et l'identit\u00e9 r\u00e9gionale dans les communaut\u00e9s situ\u00e9es au-del\u00e0 de nos propri\u00e9t\u00e9s gr\u00e2ce \u00e0 des programmes de sensibilisation uniques. <\/p>\n\n\n\n<figure class=\"wp-block-embed is-type-video is-provider-youtube wp-block-embed-youtube wp-embed-aspect-16-9 wp-has-aspect-ratio\"><div class=\"wp-block-embed__wrapper\">\n<iframe title=\"9e webinaire de la bo\u00eete \u00e0 outils sur le climat : soins durables aux terres et sensibilisation \u00e0 l&#039;\u00e9cologie\" width=\"605\" height=\"340\" src=\"https:\/\/www.youtube.com\/embed\/PO2txcSiHy0?feature=oembed\" frameborder=\"0\" allow=\"accelerometer; autoplay; clipboard-write; encrypted-media; gyroscope; picture-in-picture; web-share\" referrerpolicy=\"strict-origin-when-cross-origin\" allowfullscreen><\/iframe>\n<\/div><\/figure>\n\n\n\n<p><strong>RESSOURCES SUPPL\u00c9MENTAIRES<\/strong>:<\/p>\n\n\n\n<ul class=\"wp-block-list\">\n<li>Magazine Wildflower, <a href=\"https:\/\/issuu.com\/wildflowercenter\/docs\/fall2015wildflower\">Num\u00e9ro de \"Beautiful Roadsides<\/a><\/li>\n\n\n\n<li><a href=\"https:\/\/islandpress.org\/books\/roadside-use-native-plants\">Utilisation de plantes indig\u00e8nes en bord de route<\/a>livre \u00e9dit\u00e9 par Bonnie Harper-Lore et Maggie Wilson<\/li>\n\n\n\n<li>Centre de fleurs sauvages Lady Bird Johnson : <a href=\"https:\/\/www.wildflower.org\/\">fleurs sauvages.org<\/a><\/li>\n\n\n\n<li>Jardins botaniques de Cornell, <a href=\"https:\/\/cornellbotanicgardens.org\/explore\/gardens\/climate-change-demonstration-garden\/\">Jardin de d\u00e9monstration du changement climatique<\/a><\/li>\n\n\n\n<li>Engagement de Cornell, <a href=\"https:\/\/cornellbotanicgardens.org\/learn\/cornell-programs\/learning-by-leading\/\">Programme d'apprentissage par le leadership (LxL)<\/a><\/li>\n\n\n\n<li><a href=\"https:\/\/www.phipps.conservatory.org\/assets\/documents\/nofa_organic_land_care_standards_6thedition_2017_opt.pdf\">Normes de la NOFA pour l'entretien biologique des terres<\/a><\/li>\n\n\n\n<li>Conservatoire Phipps, <a href=\"https:\/\/www.phipps.conservatory.org\/plant-finder\">Les 10 plantes les plus durables<\/a><\/li>\n\n\n\n<li>Conservatoire Phipps, <a href=\"https:\/\/www.phipps.conservatory.org\/green-innovation\/at-home\/phipps-sustainable-garden-awards\/\">Prix Phipps des jardins durables<\/a><\/li>\n\n\n\n<li>Conservatoire Phipps, <a href=\"https:\/\/www.phipps.conservatory.org\/green-innovation\/at-home\/greener-gardening-guide\/sustainable-landcare-principles\">Principes de l'agriculture durable<\/a><\/li>\n<\/ul>\n\n\n\n<hr class=\"wp-block-separator has-alpha-channel-opacity\"\/>\n\n\n\n<h2 class=\"wp-block-heading\" id=\"webinar-8-vegan-and-vegetarian-foods-d07cd6a7-6137-420f-b037-6d8c71248f2a\">Webinaire 8 : Aliments v\u00e9g\u00e9taliens et v\u00e9g\u00e9tariens<\/h2>\n\n\n\n<p><em>14 d\u00e9cembre 2022<\/em><\/p>\n\n\n\n<p>Ci-dessous, regardez le huiti\u00e8me \u00e9pisode de notre&nbsp;<strong>S\u00e9rie de webinaires trimestriels gratuits sur les outils climatiques<\/strong>Claudia Pineda Tibbs, de l'Aquarium de Monterey Bay, et Camille St-Jacques-Renaud, de l'Espace pour la vie de Montr\u00e9al, y abordent le th\u00e8me de \" l'\u00e9ducation \u00e0 l'environnement \".<strong>Aliments v\u00e9g\u00e9taliens et v\u00e9g\u00e9tariens<\/strong>.\" Dans ce webinaire d'une heure, nos intervenants discutent des arguments climatiques en faveur de l'optimisation des aliments v\u00e9g\u00e9taliens et v\u00e9g\u00e9tariens et racontent les exp\u00e9riences de leurs institutions en mati\u00e8re de communication d'un mode de vie alimentaire plus respectueux de la plan\u00e8te.<\/p>\n\n\n\n<iframe width=\"560\" height=\"315\" src=\"https:\/\/www.youtube.com\/embed\/kCctkYTfkPI\" title=\"Lecteur vid\u00e9o YouTube\" frameborder=\"0\" allow=\"accelerometer; autoplay; clipboard-write; encrypted-media; gyroscope; picture-in-picture\" allowfullscreen=\"\"><\/iframe>\n\n\n\n<p>Aquarium de la baie de Monterey, <a href=\"https:\/\/www.seafoodwatch.org\/\">Seafood Watch<\/a><\/p>\n\n\n\n<p><a href=\"https:\/\/eatforum.org\/eat-lancet-commission\/\">La Commission EAT-Lancet sur l'alimentation, la plan\u00e8te et la sant\u00e9<\/a><\/p>\n\n\n\n<p><a href=\"https:\/\/foodsystemeconomics.org\/what-we-do\/\">Commission sur l'\u00e9conomie des syst\u00e8mes alimentaires<\/a><\/p>\n\n\n\n<hr class=\"wp-block-separator has-alpha-channel-opacity\"\/>\n\n\n\n<h2 class=\"wp-block-heading\" id=\"webinar-7-divesting-from-fossil-fuels-and-responsible-investing-fe35e934-185a-4504-a73b-614996565ce6\">Webinaire 7 : D\u00e9sinvestir dans les combustibles fossiles et l'investissement responsable<\/h2>\n\n\n\n<p><em>20 juillet 2022<\/em><\/p>\n\n\n\n<p>Regarder le septi\u00e8me <strong>Webinaire de la bo\u00eete \u00e0 outils sur le climat, <\/strong>en vedette&nbsp;<strong>Patrick Hamilton<\/strong> de la <strong>Mus\u00e9e des sciences du Minnesota <\/strong>et <strong>Richard Piacentini&nbsp;<\/strong>de <strong>Conservatoire Phipps<\/strong>. Au cours de ce webinaire d'une heure, nos intervenants \u00e9voquent leur parcours de transition des combustibles fossiles vers des strat\u00e9gies d'investissement centr\u00e9es sur la mission, les d\u00e9fis \u00e0 relever dans le secteur de l'investissement, etc.&nbsp;<\/p>\n\n\n\n<figure class=\"wp-block-embed is-type-video is-provider-youtube wp-block-embed-youtube wp-embed-aspect-16-9 wp-has-aspect-ratio\"><div class=\"wp-block-embed__wrapper\">\n<iframe title=\"Webinaire 7 du Climate Toolkit : &quot;D\u00e9sinvestir les combustibles fossiles et l&#039;investissement responsable&quot;.\" width=\"605\" height=\"340\" src=\"https:\/\/www.youtube.com\/embed\/TUPd0WnAYQY?feature=oembed\" frameborder=\"0\" allow=\"accelerometer; autoplay; clipboard-write; encrypted-media; gyroscope; picture-in-picture; web-share\" referrerpolicy=\"strict-origin-when-cross-origin\" allowfullscreen><\/iframe>\n<\/div><\/figure>\n\n\n\n<div class=\"wp-block-group\"><div class=\"wp-block-group__inner-container is-layout-flow wp-block-group-is-layout-flow\">\n<div class=\"wp-block-group is-vertical is-layout-flex wp-container-core-group-is-layout-8cf370e7 wp-block-group-is-layout-flex\">\n<p><strong>Ressources du conservatoire Phipps :<\/strong><\/p>\n\n\n\n<ul class=\"wp-block-list\">\n<li><a href=\"https:\/\/www.aam-us.org\/2020\/01\/14\/sustainable-investing-part-3-case-study-of-the-phipps-conservatory-and-botanical-gardens\/\">Investissement durable - Partie 3 - \u00c9tude de cas du Phipps Conservatory and Botanical Gardens<\/a> (Association am\u00e9ricaine des mus\u00e9es)<\/li>\n\n\n\n<li><a href=\"https:\/\/www.phipps.conservatory.org\/assets\/documents\/Phipps_Investment_RFP_Jan2017.pdf\">Phipps Investment RFP<\/a> (Conservatoire et jardins botaniques Phipps)<\/li>\n\n\n\n<li><a href=\"https:\/\/www.phipps.conservatory.org\/assets\/documents\/Phipps_Investment_Policy_Section_on_ESG_Investing.pdf\">Politique de Phipps en mati\u00e8re d'investissement ESG<\/a> (Conservatoire et jardins botaniques Phipps)<\/li>\n\n\n\n<li><a href=\"https:\/\/www.phipps.conservatory.org\/assets\/documents\/Green_Healthy_Spaces.pdf\">Phipps : Espaces verts et sains<\/a> (Conservatoire et jardins botaniques Phipps)<\/li>\n<\/ul>\n\n\n\n<div class=\"wp-block-group is-vertical is-layout-flex wp-container-core-group-is-layout-8cf370e7 wp-block-group-is-layout-flex\">\n<p><strong>Ressources du Mus\u00e9e des sciences du Minnesota : <\/strong><\/p>\n\n\n\n<ul class=\"wp-block-list\">\n<li><a href=\"https:\/\/new.smm.org\/climate-change\">D\u00e9claration sur le changement climatique<\/a> (Mus\u00e9e des sciences du Minnesota) <\/li>\n\n\n\n<li><a href=\"https:\/\/www.youtube.com\/watch?v=IBQZuneEdFY&amp;t=3s\">Lire Brave Spotlight : Le syst\u00e8me innovant de r\u00e9cup\u00e9ration de chaleur du mus\u00e9e des sciences<\/a> (Biblioth\u00e8que publique de Saint Paul)<\/li>\n<\/ul>\n<\/div>\n<\/div>\n<\/div><\/div>\n\n\n\n<div class=\"wp-block-group\"><div class=\"wp-block-group__inner-container is-layout-flow wp-block-group-is-layout-flow\">\n<div class=\"wp-block-group\"><div class=\"wp-block-group__inner-container is-layout-flow wp-block-group-is-layout-flow\">\n<div class=\"wp-block-group is-vertical is-layout-flex wp-container-core-group-is-layout-8cf370e7 wp-block-group-is-layout-flex\">\n<p><strong>Autres ressources :<\/strong><\/p>\n\n\n\n<ul class=\"wp-block-list\">\n<li><a href=\"https:\/\/www.aam-us.org\/2022\/07\/27\/museums-discover-impact-investing\/\">Les mus\u00e9es d\u00e9couvrent l'investissement \u00e0 impact<\/a> (Association am\u00e9ricaine des mus\u00e9es)<\/li>\n\n\n\n<li><a href=\"https:\/\/www.ran.org\/wp-content\/uploads\/2022\/03\/BOCC_2022_vSPREAD-1.pdf\">Rapport sur les banques et le chaos climatique<\/a> (La cuisson sur le chaos climatique)<\/li>\n\n\n\n<li><a href=\"https:\/\/www.bloomberg.com\/graphics\/2021-what-is-esg-investing-msci-ratings-focus-on-corporate-bottom-line\/\">BLOOMBERG : Le mirage ESG<\/a> (Bloomberg)<\/li>\n\n\n\n<li><a href=\"https:\/\/fossilfreefunds.org\/\">Fonds sans fossile<\/a> (Fonds sans fossile) <\/li>\n\n\n\n<li><a href=\"http:\/\/phipps.conservatory.org\/toolkit-webinar\">Webinaire sur la r\u00e9alisation d'un audit des \u00e9missions de carbone<\/a> (The Climate Toolkit)<\/li>\n<\/ul>\n<\/div>\n<\/div><\/div>\n<\/div><\/div>\n\n\n\n<hr class=\"wp-block-separator has-css-opacity\"\/>\n\n\n\n<h2 class=\"wp-block-heading\" id=\"webinar-6-integrated-pest-management-indoors-and-out\">Webinaire 6 : Lutte int\u00e9gr\u00e9e contre les ravageurs, \u00e0 l'int\u00e9rieur comme \u00e0 l'ext\u00e9rieur<\/h2>\n\n\n\n<p id=\"webinar-6-integrated-pest-management-indoors-and-out\"><em>30 mars 2022<\/em> <\/p>\n\n\n\n<p> Notre sixi\u00e8me&nbsp;<strong>Webinaire sur le climat&nbsp;<\/strong>Drew Asbury, de l'\u00e9quipe de&nbsp;<strong>Mus\u00e9e et jardins de Hillwood,&nbsp;<\/strong>Braley Burke de&nbsp;<strong>Conservatoire Phipps<\/strong>&nbsp;et Holly Walker de&nbsp;<strong>Jardins de Smithsonian<\/strong>qui aborde les pratiques de lutte antiparasitaire respectueuses du climat, le d\u00e9pistage et la communication avec les employ\u00e9s et les b\u00e9n\u00e9voles, ainsi que la lutte biologique contre les parasites.<\/p>\n\n\n\n<figure class=\"wp-block-embed is-type-video is-provider-youtube wp-block-embed-youtube wp-embed-aspect-16-9 wp-has-aspect-ratio\"><div class=\"wp-block-embed__wrapper\">\n<iframe title=\"Climate Toolkit Webinar 6 : Lutte int\u00e9gr\u00e9e contre les ravageurs, \u00e0 l&#039;int\u00e9rieur comme \u00e0 l&#039;ext\u00e9rieur\" width=\"605\" height=\"340\" src=\"https:\/\/www.youtube.com\/embed\/uj6NSEVe8rw?feature=oembed\" frameborder=\"0\" allow=\"accelerometer; autoplay; clipboard-write; encrypted-media; gyroscope; picture-in-picture; web-share\" referrerpolicy=\"strict-origin-when-cross-origin\" allowfullscreen><\/iframe>\n<\/div><\/figure>\n\n\n\n<hr class=\"wp-block-separator has-css-opacity\"\/>\n\n\n\n<h2 class=\"wp-block-heading\" id=\"-webinar-5-singleuse-plasticsnbspreduction-measures-advocacy-and-public-outreach-a655adbf-014a-473d-a761-ce41b6f19f0f\">Webinaire 5 : Plastiques \u00e0 usage unique : Mesures de r\u00e9duction, sensibilisation et information du public<\/h2>\n\n\n\n<p><em>8 d\u00e9cembre 2021<\/em> <\/p>\n\n\n\n<p>Le cinqui\u00e8me webinaire s'int\u00e9resse \u00e0 la mani\u00e8re dont les institutions r\u00e9duisent les plastiques \u00e0 usage unique dans leurs services de restauration, d'horticulture et de soins aux animaux, et \u00e0 la mani\u00e8re dont elles communiquent ces efforts \u00e0 leur personnel et \u00e0 leurs invit\u00e9s.&nbsp;<strong> <strong style=\"font-size: revert; color: initial;\">Claudia Pineda<\/strong><span style=\"font-size: revert; color: initial;\">&nbsp;<\/span><strong style=\"font-size: revert; color: initial;\">Tibbs<\/strong><span style=\"font-size: revert; color: initial;\">, <\/span><\/strong><span style=\"font-size: revert; color: initial;\">Responsable du d\u00e9veloppement durable et des op\u00e9rations de l'aquarium de la baie de Monterey<\/span>, <strong style=\"font-size: revert; color: initial;\">Richard Piacentini<\/strong><span style=\"font-size: revert; color: initial;\">Pr\u00e9sident et directeur g\u00e9n\u00e9ral du Phipps Conservatory and Botanical Gardens<\/span>et <strong style=\"font-size: revert; color: initial;\">Michelle Allworth<\/strong><span style=\"font-size: revert; color: initial;\">gestionnaire de projets d'installations \u00e0 Phipps, ont tous apport\u00e9 des \u00e9claircissements sur ce sujet important<\/span>.<\/p>\n\n\n\n<figure class=\"wp-block-embed is-type-video is-provider-youtube wp-block-embed-youtube wp-embed-aspect-16-9 wp-has-aspect-ratio\"><div class=\"wp-block-embed__wrapper\">\n<iframe title=\"Climate Toolkit Webinar 5 : Plastiques \u00e0 usage unique : Mesures de r\u00e9duction, plaidoyer et sensibilisation du public\" width=\"605\" height=\"340\" src=\"https:\/\/www.youtube.com\/embed\/URwU__1S9b4?feature=oembed\" frameborder=\"0\" allow=\"accelerometer; autoplay; clipboard-write; encrypted-media; gyroscope; picture-in-picture; web-share\" referrerpolicy=\"strict-origin-when-cross-origin\" allowfullscreen><\/iframe>\n<\/div><\/figure>\n\n\n\n<div class=\"wp-block-buttons is-layout-flex wp-block-buttons-is-layout-flex\"><\/div>\n\n\n\n<hr class=\"wp-block-separator has-css-opacity\"\/>\n\n\n\n<h2 class=\"wp-block-heading\" id=\"-webinar-4-climate-change-and-water-reduction-collection-research-and-outreach--1bdba23e-1d0a-46bd-a002-858ba777d570\">Webinaire 4 : Changement climatique et eau : R\u00e9duction, collecte, recherche et sensibilisation. <\/h2>\n\n\n\n<p><em>8 septembre 2021<\/em><\/p>\n\n\n\n<p>Notre quatri\u00e8me webinaire<strong>&nbsp;<\/strong>explore des exemples de collecte d'eau de pluie et de r\u00e9duction de la consommation d'eau des institutions, comment les nouvelles recherches sur l'impact du changement climatique sur nos cours d'eau, et comment \u00e9duquer le public pour qu'il suive votre exemple. Le webinaire comprend des pr\u00e9sentations de <strong>Dr. Adam J. Heathcote<\/strong>Croix Watershed Research Station et au Science Museum of Minnesota, <strong>Joseph Rothleutner,&nbsp;<\/strong>directeur de l'horticulture et des installations du jardin botanique de Santa Barbara, et <strong>Adam Haas<\/strong>Mme Kristof, responsable du programme d'interpr\u00e9tation au conservatoire et jardin botanique de Phipps.<\/p>\n\n\n\n<p><\/p>\n\n\n\n<figure class=\"wp-block-embed is-type-video is-provider-youtube wp-block-embed-youtube wp-embed-aspect-16-9 wp-has-aspect-ratio\"><div class=\"wp-block-embed__wrapper\">\n<iframe title=\"Webinaire 4 de la bo\u00eete \u00e0 outils sur le climat : le changement climatique et l&#039;eau\" width=\"605\" height=\"340\" src=\"https:\/\/www.youtube.com\/embed\/dAPw8yZ4mHk?feature=oembed\" frameborder=\"0\" allow=\"accelerometer; autoplay; clipboard-write; encrypted-media; gyroscope; picture-in-picture; web-share\" referrerpolicy=\"strict-origin-when-cross-origin\" allowfullscreen><\/iframe>\n<\/div><\/figure>\n\n\n\n<p><\/p>\n\n\n\n<hr class=\"wp-block-separator has-css-opacity\"\/>\n\n\n\n<h2 class=\"wp-block-heading\" id=\"webinar-3-climate-communication-how-to-talk-to-your-stakeholders-about-climate-change-36df3445-3770-4d14-903f-e9d10e49a762\">Webinaire 3 : Communication sur le climat - Comment parler du changement climatique \u00e0 vos parties prenantes<\/h2>\n\n\n\n<p><em>9 juin 2021<\/em><\/p>\n\n\n\n<p>Le troisi\u00e8me webinaire aborde les th\u00e8mes suivants&nbsp;<strong>Communication sur le climat : Comment parler du changement climatique \u00e0 vos parties prenantes<\/strong> avec des pr\u00e9sentations de <strong>Jeremy Joslin<\/strong>directeur de l'\u00e9ducation \u00e0 l'Arboretum de Morton, <strong>Sarah States<\/strong>directeur de la recherche et de l'enseignement des sciences au Phipps Conservatory and Botanical Gardens, et <strong>Maria Wheeler-Dubas<\/strong>Responsable de la sensibilisation \u00e0 l'\u00e9ducation scientifique au Phipps Conservatory and Botanical Gardens<strong>.<\/strong><\/p>\n\n\n\n<p>Le webinaire aborde les meilleures pratiques en mati\u00e8re de communication sur le changement climatique \u00e0 l'intention des parties prenantes internes et externes, de l'utilisation de la technologie de l'information \u00e0 l'utilisation de la technologie de l'information. <strong>le conte<\/strong> pour aider vos visiteurs \u00e0 comprendre les impacts r\u00e9gionaux sp\u00e9cifiques du changement climatique et pour int\u00e9grer l'action et l'\u00e9ducation en mati\u00e8re de climat dans votre plan strat\u00e9gique. <\/p>\n\n\n\n<figure class=\"wp-block-embed is-type-video is-provider-youtube wp-block-embed-youtube wp-embed-aspect-16-9 wp-has-aspect-ratio\"><div class=\"wp-block-embed__wrapper\">\n<iframe title=\"Webinaire 3 de la bo\u00eete \u00e0 outils sur le climat : comment parler du changement climatique \u00e0 vos parties prenantes\" width=\"605\" height=\"340\" src=\"https:\/\/www.youtube.com\/embed\/Lh1VWjFlJCM?feature=oembed\" frameborder=\"0\" allow=\"accelerometer; autoplay; clipboard-write; encrypted-media; gyroscope; picture-in-picture; web-share\" referrerpolicy=\"strict-origin-when-cross-origin\" allowfullscreen><\/iframe>\n<\/div><\/figure>\n\n\n\n<p><\/p>\n\n\n\n<hr class=\"wp-block-separator has-css-opacity\"\/>\n\n\n\n<h2 class=\"wp-block-heading\" id=\"webinar-2-calculating-emissions-1aa76af6-34ac-4b2b-bf49-036300dc3ac2\">Webinaire 2 : Calculer les \u00e9missions<\/h2>\n\n\n\n<p><em>10 mars 2021<\/em><\/p>\n\n\n\n<p>Le mercredi 10 mars, le deuxi\u00e8me volet de la s\u00e9rie de webinaires \"Climate Toolkit\" a pass\u00e9 en revue l'initiative \"Climate Toolkit\".&nbsp;<strong><a href=\"https:\/\/www.epa.gov\/climateleadership\/simplified-ghg-emissions-calculator\" target=\"_blank\" rel=\"noreferrer noopener\">Calculateur simplifi\u00e9 des \u00e9missions de gaz \u00e0 effet de serre de l'EPA<\/a><\/strong>qui permet aux institutions d'\u00e9tablir une base de r\u00e9f\u00e9rence essentielle pour la mise en \u0153uvre de strat\u00e9gies de r\u00e9duction de la consommation d'\u00e9nergie. Des pr\u00e9sentations ont \u00e9t\u00e9 faites par le Mt. Cuba Center du Delaware et le Phipps Conservatory and Botanical Gardens de Pennsylvanie, qui ont tous deux r\u00e9alis\u00e9 leur propre audit de r\u00e9f\u00e9rence.&nbsp;<\/p>\n\n\n\n<figure class=\"wp-block-embed is-type-video is-provider-youtube wp-block-embed-youtube wp-embed-aspect-16-9 wp-has-aspect-ratio\"><div class=\"wp-block-embed__wrapper\">\n<iframe title=\"Webinaire Climate Toolkit 2 : Apprendre \u00e0 r\u00e9aliser un audit d&#039;\u00e9missions\" width=\"605\" height=\"340\" src=\"https:\/\/www.youtube.com\/embed\/CfGJOGFPRE4?feature=oembed\" frameborder=\"0\" allow=\"accelerometer; autoplay; clipboard-write; encrypted-media; gyroscope; picture-in-picture; web-share\" referrerpolicy=\"strict-origin-when-cross-origin\" allowfullscreen><\/iframe>\n<\/div><\/figure>\n\n\n\n<hr class=\"wp-block-separator has-css-opacity\"\/>\n\n\n\n<h2 class=\"wp-block-heading\" id=\"webinar-1-energy-solutions-07919a12-06c9-443b-a0f8-f1f58338faf1\">Webinaire 1 : Solutions \u00e9nerg\u00e9tiques<\/h2>\n\n\n\n<p><em>9 d\u00e9cembre 2020<\/em><\/p>\n\n\n\n<p>Le mercredi 9 d\u00e9cembre, notre premier webinaire \"Climate Toolkit\" a abord\u00e9 des sujets tels que la r\u00e9duction de la consommation d'\u00e9nergie, la production d'\u00e9lectricit\u00e9 sur site et la transition vers les \u00e9nergies renouvelables. Des pr\u00e9sentations ont \u00e9t\u00e9 faites par le Mt. Cuba Center (Delaware), le Phipps Conservatory and Botanical Gardens (Pennsylvanie) et le Norfolk Botanic Garden (Virginie). <\/p>\n\n\n\n<figure class=\"wp-block-embed is-type-video is-provider-youtube wp-block-embed-youtube wp-embed-aspect-16-9 wp-has-aspect-ratio\"><div class=\"wp-block-embed__wrapper\">\n<iframe title=\"Webinaire de la bo\u00eete \u00e0 outils sur le climat 1 : Solutions \u00e9nerg\u00e9tiques\" width=\"605\" height=\"340\" src=\"https:\/\/www.youtube.com\/embed\/WZ4AfBOcg_0?feature=oembed\" frameborder=\"0\" allow=\"accelerometer; autoplay; clipboard-write; encrypted-media; gyroscope; picture-in-picture; web-share\" referrerpolicy=\"strict-origin-when-cross-origin\" allowfullscreen><\/iframe>\n<\/div><\/figure>\n\n\n\n<p><\/p>\n<style class=\"advgb-styles-renderer\">.advgbbtn-9e522d9c-affd-4a32-b7bc-438a82a2d7bf{font-size:14px;color:#fff !important;background-color:#fcb900 !important;margin:0px 0px 0px 0px !important;padding:10px 30px 10px 30px;border-width:1px !important;border-style:none;border-radius:50px !important;}.advgbbtn-9e522d9c-affd-4a32-b7bc-438a82a2d7bf:hover{box-shadow:1px 1px 12px 0px #ccc;opacity:1;transition:all 0.2s ease;}.advgbbtn-9e522d9c-affd-4a32-b7bc-438a82a2d7bf > i {display: none !important;}.advgbbtn-d1994c0f-f6fd-4338-b989-ed310ee181e4{font-size:14px;color:#fff !important;background-color:#fcb900 !important;margin:0px 0px 0px 0px !important;padding:10px 30px 10px 30px;border-width:1px !important;border-style:none;border-radius:50px !important;}.advgbbtn-d1994c0f-f6fd-4338-b989-ed310ee181e4:hover{box-shadow:1px 1px 12px 0px #ccc;opacity:1;transition:all 0.2s ease;}.advgbbtn-d1994c0f-f6fd-4338-b989-ed310ee181e4 > i {display: none !important;}.advgbbtn-fb44d235-bf45-41ae-a883-7361bf971212{font-size:15px;color:#fff !important;background-color:#fcb900 !important;margin:0px 0px 0px 0px !important;padding:10px 30px 10px 30px;border-width:1px !important;border-style:none;border-radius:50px !important;}.advgbbtn-fb44d235-bf45-41ae-a883-7361bf971212:hover{box-shadow:1px 1px 12px 0px #ccc;opacity:1;transition:all 0.2s ease;}.advgbbtn-fb44d235-bf45-41ae-a883-7361bf971212 > i {display: none !important;}.advgbbtn-e5729732-da34-4c76-9465-466d3b189268{font-size:15px;color:#fff !important;background-color:#fcb900 !important;margin:0px 0px 0px 0px !important;padding:10px 30px 10px 30px;border-width:1px !important;border-style:none;border-radius:50px !important;}.advgbbtn-e5729732-da34-4c76-9465-466d3b189268:hover{box-shadow:1px 1px 12px 0px #ccc;opacity:1;transition:all 0.2s ease;}.advgbbtn-e5729732-da34-4c76-9465-466d3b189268 > i {display: none !important;}.advgbbtn-698e94b8-3387-4169-9914-de76d574ad7a{font-size:16px;color:#fff !important;background-color:#fcb900 !important;margin:0px 0px 0px 0px !important;padding:10px 30px 10px 30px;border-width:1px !important;border-style:none;border-radius:50px !important;}.advgbbtn-698e94b8-3387-4169-9914-de76d574ad7a:hover{box-shadow:1px 1px 12px 0px #ccc;opacity:1;transition:all 0.2s ease;}.advgbbtn-698e94b8-3387-4169-9914-de76d574ad7a > i {display: none !important;}.advgbbtn-5f6e0d55-c84a-47a3-ae3c-e47e1e4a63a4{font-size:16px;color:#fff !important;background-color:#fcb900 !important;margin:0px 0px 0px 0px !important;padding:10px 30px 10px 30px;border-width:1px !important;border-style:none;border-radius:62px !important;}.advgbbtn-5f6e0d55-c84a-47a3-ae3c-e47e1e4a63a4:hover{box-shadow:1px 1px 12px 0px #ccc;opacity:1;transition:all 0.2s ease;}.advgbbtn-5f6e0d55-c84a-47a3-ae3c-e47e1e4a63a4 > i {display: none !important;}.advgbbtn-b11b4dff-c6bf-40dc-b841-c6e7851739b1{font-size:18px;color:#fff !important;background-color:#fcb900 !important;margin:0px 0px 0px 0px !important;padding:10px 30px 10px 30px;border-width:1px !important;border-style:none;border-radius:50px !important;}.advgbbtn-b11b4dff-c6bf-40dc-b841-c6e7851739b1:hover{box-shadow:1px 1px 12px 0px #ccc;opacity:1;transition:all 0.2s ease;}.advgbbtn-b11b4dff-c6bf-40dc-b841-c6e7851739b1 > i {display: none !important;}.advgbbtn-3bf59e19-9266-402b-ac97-e14609321a77{font-size:18px;color:#fff !important;background-color:#fcb900 !important;margin:0px 0px 0px 0px !important;padding:10px 30px 10px 30px;border-width:1px !important;border-style:none;border-radius:23px !important;}.advgbbtn-3bf59e19-9266-402b-ac97-e14609321a77:hover{box-shadow:1px 1px 12px 0px #ccc;opacity:1;transition:all 0.2s ease;}.advgbbtn-3bf59e19-9266-402b-ac97-e14609321a77 > i {display: none !important;}<\/style>","protected":false},"excerpt":{"rendered":"<p>Le Climate Toolkit propose des webinaires trimestriels gratuits afin de poursuivre la conversation sur les diff\u00e9rents objectifs du Toolkit et sur la mani\u00e8re de les atteindre. La s\u00e9rie de webinaires vise \u00e0 rassembler les dirigeants et le personnel des organisations pour pr\u00e9senter et discuter des \u00e9tapes importantes que nous pouvons ...<\/p>\n<p class=\"read-more\"> <a class=\"\" href=\"https:\/\/climatetoolkit.org\/fr\/webinars\/\"> <span class=\"screen-reader-text\">Webinaires<\/span> Lire la suite \"<\/a><\/p>","protected":false},"author":2,"featured_media":0,"parent":0,"menu_order":0,"comment_status":"closed","ping_status":"closed","template":"","meta":{"_acf_changed":false,"inline_featured_image":false,"advgb_blocks_editor_width":"","advgb_blocks_columns_visual_guide":"","footnotes":""},"class_list":["post-597","page","type-page","status-publish","hentry"],"acf":[],"yoast_head":"<!-- This site is optimized with the Yoast SEO plugin v27.5 - https:\/\/yoast.com\/product\/yoast-seo-wordpress\/ -->\n<title>Webinars - The Climate Toolkit<\/title>\n<meta name=\"robots\" content=\"index, follow, max-snippet:-1, max-image-preview:large, max-video-preview:-1\" \/>\n<link rel=\"canonical\" href=\"https:\/\/climatetoolkit.org\/fr\/webinars\/\" \/>\n<meta property=\"og:locale\" content=\"fr_FR\" \/>\n<meta property=\"og:type\" content=\"article\" \/>\n<meta property=\"og:title\" content=\"Webinars - The Climate Toolkit\" \/>\n<meta property=\"og:description\" content=\"The Climate Toolkit provides free quarterly webinars to keep the conversation going on various Toolkit goals and how to reach them. The webinar series aims to gather organizational leadership and staff members to present and discuss important steps we can &hellip; Webinars Read More &raquo;\" \/>\n<meta property=\"og:url\" content=\"https:\/\/climatetoolkit.org\/fr\/webinars\/\" \/>\n<meta property=\"og:site_name\" content=\"The Climate Toolkit\" \/>\n<meta property=\"article:modified_time\" content=\"2026-02-27T18:57:10+00:00\" \/>\n<meta property=\"og:image\" content=\"https:\/\/climatetoolkit.org\/wp-content\/uploads\/2021\/03\/7565ebde-eaad-4578-8fb8-744ea9e078a5.jpg\" \/>\n\t<meta property=\"og:image:width\" content=\"1494\" \/>\n\t<meta property=\"og:image:height\" content=\"747\" \/>\n\t<meta property=\"og:image:type\" content=\"image\/jpeg\" \/>\n<meta name=\"twitter:card\" content=\"summary_large_image\" \/>\n<meta name=\"twitter:label1\" content=\"Dur\u00e9e de lecture estim\u00e9e\" \/>\n\t<meta name=\"twitter:data1\" content=\"19 minutes\" \/>\n<script type=\"application\/ld+json\" class=\"yoast-schema-graph\">{\"@context\":\"https:\\\/\\\/schema.org\",\"@graph\":[{\"@type\":\"WebPage\",\"@id\":\"https:\\\/\\\/climatetoolkit.org\\\/webinars\\\/\",\"url\":\"https:\\\/\\\/climatetoolkit.org\\\/webinars\\\/\",\"name\":\"Webinars - The Climate Toolkit\",\"isPartOf\":{\"@id\":\"https:\\\/\\\/climatetoolkit.org\\\/#website\"},\"primaryImageOfPage\":{\"@id\":\"https:\\\/\\\/climatetoolkit.org\\\/webinars\\\/#primaryimage\"},\"image\":{\"@id\":\"https:\\\/\\\/climatetoolkit.org\\\/webinars\\\/#primaryimage\"},\"thumbnailUrl\":\"https:\\\/\\\/climatetoolkit.org\\\/wp-content\\\/uploads\\\/2021\\\/03\\\/7565ebde-eaad-4578-8fb8-744ea9e078a5-1024x512.jpg\",\"datePublished\":\"2021-03-15T18:16:14+00:00\",\"dateModified\":\"2026-02-27T18:57:10+00:00\",\"breadcrumb\":{\"@id\":\"https:\\\/\\\/climatetoolkit.org\\\/webinars\\\/#breadcrumb\"},\"inLanguage\":\"fr-FR\",\"potentialAction\":[{\"@type\":\"ReadAction\",\"target\":[\"https:\\\/\\\/climatetoolkit.org\\\/webinars\\\/\"]}]},{\"@type\":\"ImageObject\",\"inLanguage\":\"fr-FR\",\"@id\":\"https:\\\/\\\/climatetoolkit.org\\\/webinars\\\/#primaryimage\",\"url\":\"https:\\\/\\\/climatetoolkit.org\\\/wp-content\\\/uploads\\\/2021\\\/03\\\/7565ebde-eaad-4578-8fb8-744ea9e078a5-1024x512.jpg\",\"contentUrl\":\"https:\\\/\\\/climatetoolkit.org\\\/wp-content\\\/uploads\\\/2021\\\/03\\\/7565ebde-eaad-4578-8fb8-744ea9e078a5-1024x512.jpg\"},{\"@type\":\"BreadcrumbList\",\"@id\":\"https:\\\/\\\/climatetoolkit.org\\\/webinars\\\/#breadcrumb\",\"itemListElement\":[{\"@type\":\"ListItem\",\"position\":1,\"name\":\"Home\",\"item\":\"https:\\\/\\\/climatetoolkit.org\\\/\"},{\"@type\":\"ListItem\",\"position\":2,\"name\":\"Webinars\"}]},{\"@type\":\"WebSite\",\"@id\":\"https:\\\/\\\/climatetoolkit.org\\\/#website\",\"url\":\"https:\\\/\\\/climatetoolkit.org\\\/\",\"name\":\"The Climate Toolkit\",\"description\":\"For Museums, Gardens and Zoos\",\"publisher\":{\"@id\":\"https:\\\/\\\/climatetoolkit.org\\\/#organization\"},\"potentialAction\":[{\"@type\":\"SearchAction\",\"target\":{\"@type\":\"EntryPoint\",\"urlTemplate\":\"https:\\\/\\\/climatetoolkit.org\\\/?s={search_term_string}\"},\"query-input\":{\"@type\":\"PropertyValueSpecification\",\"valueRequired\":true,\"valueName\":\"search_term_string\"}}],\"inLanguage\":\"fr-FR\"},{\"@type\":\"Organization\",\"@id\":\"https:\\\/\\\/climatetoolkit.org\\\/#organization\",\"name\":\"The Climate Toolkit\",\"url\":\"https:\\\/\\\/climatetoolkit.org\\\/\",\"logo\":{\"@type\":\"ImageObject\",\"inLanguage\":\"fr-FR\",\"@id\":\"https:\\\/\\\/climatetoolkit.org\\\/#\\\/schema\\\/logo\\\/image\\\/\",\"url\":\"https:\\\/\\\/climatetoolkit.org\\\/wp-content\\\/uploads\\\/2020\\\/05\\\/C_logo.png\",\"contentUrl\":\"https:\\\/\\\/climatetoolkit.org\\\/wp-content\\\/uploads\\\/2020\\\/05\\\/C_logo.png\",\"width\":512,\"height\":512,\"caption\":\"The Climate Toolkit\"},\"image\":{\"@id\":\"https:\\\/\\\/climatetoolkit.org\\\/#\\\/schema\\\/logo\\\/image\\\/\"}}]}<\/script>\n<!-- \/ Yoast SEO plugin. -->","yoast_head_json":{"title":"Webinars - La bo\u00eete \u00e0 outils sur le climat","robots":{"index":"index","follow":"follow","max-snippet":"max-snippet:-1","max-image-preview":"max-image-preview:large","max-video-preview":"max-video-preview:-1"},"canonical":"https:\/\/climatetoolkit.org\/fr\/webinars\/","og_locale":"fr_FR","og_type":"article","og_title":"Webinars - The Climate Toolkit","og_description":"The Climate Toolkit provides free quarterly webinars to keep the conversation going on various Toolkit goals and how to reach them. The webinar series aims to gather organizational leadership and staff members to present and discuss important steps we can &hellip; Webinars Read More &raquo;","og_url":"https:\/\/climatetoolkit.org\/fr\/webinars\/","og_site_name":"The Climate Toolkit","article_modified_time":"2026-02-27T18:57:10+00:00","og_image":[{"width":1494,"height":747,"url":"https:\/\/climatetoolkit.org\/wp-content\/uploads\/2021\/03\/7565ebde-eaad-4578-8fb8-744ea9e078a5.jpg","type":"image\/jpeg"}],"twitter_card":"summary_large_image","twitter_misc":{"Dur\u00e9e de lecture estim\u00e9e":"19 minutes"},"schema":{"@context":"https:\/\/schema.org","@graph":[{"@type":"WebPage","@id":"https:\/\/climatetoolkit.org\/webinars\/","url":"https:\/\/climatetoolkit.org\/webinars\/","name":"Webinars - La bo\u00eete \u00e0 outils sur le climat","isPartOf":{"@id":"https:\/\/climatetoolkit.org\/#website"},"primaryImageOfPage":{"@id":"https:\/\/climatetoolkit.org\/webinars\/#primaryimage"},"image":{"@id":"https:\/\/climatetoolkit.org\/webinars\/#primaryimage"},"thumbnailUrl":"https:\/\/climatetoolkit.org\/wp-content\/uploads\/2021\/03\/7565ebde-eaad-4578-8fb8-744ea9e078a5-1024x512.jpg","datePublished":"2021-03-15T18:16:14+00:00","dateModified":"2026-02-27T18:57:10+00:00","breadcrumb":{"@id":"https:\/\/climatetoolkit.org\/webinars\/#breadcrumb"},"inLanguage":"fr-FR","potentialAction":[{"@type":"ReadAction","target":["https:\/\/climatetoolkit.org\/webinars\/"]}]},{"@type":"ImageObject","inLanguage":"fr-FR","@id":"https:\/\/climatetoolkit.org\/webinars\/#primaryimage","url":"https:\/\/climatetoolkit.org\/wp-content\/uploads\/2021\/03\/7565ebde-eaad-4578-8fb8-744ea9e078a5-1024x512.jpg","contentUrl":"https:\/\/climatetoolkit.org\/wp-content\/uploads\/2021\/03\/7565ebde-eaad-4578-8fb8-744ea9e078a5-1024x512.jpg"},{"@type":"BreadcrumbList","@id":"https:\/\/climatetoolkit.org\/webinars\/#breadcrumb","itemListElement":[{"@type":"ListItem","position":1,"name":"Home","item":"https:\/\/climatetoolkit.org\/"},{"@type":"ListItem","position":2,"name":"Webinars"}]},{"@type":"WebSite","@id":"https:\/\/climatetoolkit.org\/#website","url":"https:\/\/climatetoolkit.org\/","name":"La bo\u00eete \u00e0 outils sur le climat","description":"Pour les mus\u00e9es, les jardins et les zoos","publisher":{"@id":"https:\/\/climatetoolkit.org\/#organization"},"potentialAction":[{"@type":"SearchAction","target":{"@type":"EntryPoint","urlTemplate":"https:\/\/climatetoolkit.org\/?s={search_term_string}"},"query-input":{"@type":"PropertyValueSpecification","valueRequired":true,"valueName":"search_term_string"}}],"inLanguage":"fr-FR"},{"@type":"Organization","@id":"https:\/\/climatetoolkit.org\/#organization","name":"La bo\u00eete \u00e0 outils sur le climat","url":"https:\/\/climatetoolkit.org\/","logo":{"@type":"ImageObject","inLanguage":"fr-FR","@id":"https:\/\/climatetoolkit.org\/#\/schema\/logo\/image\/","url":"https:\/\/climatetoolkit.org\/wp-content\/uploads\/2020\/05\/C_logo.png","contentUrl":"https:\/\/climatetoolkit.org\/wp-content\/uploads\/2020\/05\/C_logo.png","width":512,"height":512,"caption":"The Climate Toolkit"},"image":{"@id":"https:\/\/climatetoolkit.org\/#\/schema\/logo\/image\/"}}]}},"coauthors":[],"author_meta":{"author_link":"https:\/\/climatetoolkit.org\/fr\/author\/joe\/","display_name":"joe reed"},"relative_dates":{"created":"Publi\u00e9 5 ans il y a","modified":"Mis \u00e0 jour 2 mois il y a"},"absolute_dates":{"created":"Publi\u00e9 le mars 15, 2021","modified":"Mise \u00e0 jour le f\u00e9vrier 27, 2026"},"absolute_dates_time":{"created":"Publi\u00e9 le mars 15, 2021 2:16 pm","modified":"Mise \u00e0 jour le f\u00e9vrier 27, 2026 1:57 pm"},"featured_img_caption":"","featured_img":false,"series_order":"","_links":{"self":[{"href":"https:\/\/climatetoolkit.org\/fr\/wp-json\/wp\/v2\/pages\/597","targetHints":{"allow":["GET"]}}],"collection":[{"href":"https:\/\/climatetoolkit.org\/fr\/wp-json\/wp\/v2\/pages"}],"about":[{"href":"https:\/\/climatetoolkit.org\/fr\/wp-json\/wp\/v2\/types\/page"}],"author":[{"embeddable":true,"href":"https:\/\/climatetoolkit.org\/fr\/wp-json\/wp\/v2\/users\/2"}],"replies":[{"embeddable":true,"href":"https:\/\/climatetoolkit.org\/fr\/wp-json\/wp\/v2\/comments?post=597"}],"version-history":[{"count":76,"href":"https:\/\/climatetoolkit.org\/fr\/wp-json\/wp\/v2\/pages\/597\/revisions"}],"predecessor-version":[{"id":5528,"href":"https:\/\/climatetoolkit.org\/fr\/wp-json\/wp\/v2\/pages\/597\/revisions\/5528"}],"wp:attachment":[{"href":"https:\/\/climatetoolkit.org\/fr\/wp-json\/wp\/v2\/media?parent=597"}],"curies":[{"name":"wp","href":"https:\/\/api.w.org\/{rel}","templated":true}]}}